{"id":1260,"date":"2024-02-01T09:55:14","date_gmt":"2024-02-01T07:55:14","guid":{"rendered":"https:\/\/www.rentacarformentera.com\/alquilar-coche-baleares\/"},"modified":"2025-12-17T15:37:06","modified_gmt":"2025-12-17T13:37:06","slug":"alquilar-coche-baleares","status":"publish","type":"page","link":"https:\/\/www.rentacarformentera.com\/en\/","title":{"rendered":"Rent a cheap car in Formentera | Compare Car Rental Prices"},"content":{"rendered":"<p><div class=\"fusion-fullwidth fullwidth-box fusion-builder-row-1 fusion-flex-container nonhundred-percent-fullwidth non-hundred-percent-height-scrolling\" style=\"--awb-background-position:left top;--awb-border-sizes-top:0px;--awb-border-sizes-bottom:0px;--awb-border-sizes-left:0px;--awb-border-sizes-right:0px;--awb-border-radius-top-left:0px;--awb-border-radius-top-right:0px;--awb-border-radius-bottom-right:0px;--awb-border-radius-bottom-left:0px;--awb-padding-top:20px;--awb-padding-bottom:5px;--awb-padding-top-medium:70px;--awb-padding-bottom-medium:70px;--awb-padding-top-small:1px;--awb-padding-bottom-small:1px;--awb-margin-top-small:0px;--awb-margin-bottom-small:0px;\" ><div class=\"fusion-builder-row fusion-row fusion-flex-align-items-flex-start\" style=\"max-width:1216.8px;margin-left: calc(-4% \/ 2 );margin-right: calc(-4% \/ 2 );\"><div class=\"fusion-layout-column fusion_builder_column fusion-builder-column-0 fusion_builder_column_1_2 1_2 fusion-flex-column\" style=\"--awb-bg-size:cover;--awb-width-large:50%;--awb-margin-top-large:0px;--awb-spacing-right-large:3.84%;--awb-margin-bottom-large:0px;--awb-spacing-left-large:3.84%;--awb-width-medium:100%;--awb-order-medium:0;--awb-margin-top-medium:20px;--awb-spacing-right-medium:1.92%;--awb-margin-bottom-medium:20px;--awb-spacing-left-medium:1.92%;--awb-width-small:100%;--awb-order-small:0;--awb-spacing-right-small:1.92%;--awb-spacing-left-small:1.92%;\"><div class=\"fusion-column-wrapper fusion-column-has-shadow fusion-flex-justify-content-space-around fusion-content-layout-column\"><div class=\"fusion-image-element \" style=\"text-align:center;--awb-margin-top:8px;--awb-margin-bottom:25px;--awb-caption-title-font-family:var(--h2_typography-font-family);--awb-caption-title-font-weight:var(--h2_typography-font-weight);--awb-caption-title-font-style:var(--h2_typography-font-style);--awb-caption-title-size:var(--h2_typography-font-size);--awb-caption-title-transform:var(--h2_typography-text-transform);--awb-caption-title-line-height:var(--h2_typography-line-height);--awb-caption-title-letter-spacing:var(--h2_typography-letter-spacing);\"><span class=\" fusion-imageframe imageframe-none imageframe-1 hover-type-none\" class=\"image-magnify\" class=\"image-scroll\"><img decoding=\"async\" width=\"727\" height=\"879\" alt=\"Rent a Car Formentera\" title=\"imagen formentera\" src=\"https:\/\/www.rentacarformentera.com\/wp-content\/uploads\/2021\/08\/imagen-formentera.jpg\" data-orig-src=\"https:\/\/www.rentacarformentera.com\/wp-content\/uploads\/2021\/08\/imagen-formentera.jpg\" class=\"lazyload img-responsive wp-image-1223\" srcset=\"data:image\/svg+xml,%3Csvg%20xmlns%3D%27http%3A%2F%2Fwww.w3.org%2F2000%2Fsvg%27%20width%3D%27727%27%20height%3D%27879%27%20viewBox%3D%270%200%20727%20879%27%3E%3Crect%20width%3D%27727%27%20height%3D%27879%27%20fill-opacity%3D%220%22%2F%3E%3C%2Fsvg%3E\" data-srcset=\"https:\/\/www.rentacarformentera.com\/wp-content\/uploads\/2021\/08\/imagen-formentera-200x242.jpg 200w, https:\/\/www.rentacarformentera.com\/wp-content\/uploads\/2021\/08\/imagen-formentera-400x484.jpg 400w, https:\/\/www.rentacarformentera.com\/wp-content\/uploads\/2021\/08\/imagen-formentera-600x725.jpg 600w, https:\/\/www.rentacarformentera.com\/wp-content\/uploads\/2021\/08\/imagen-formentera.jpg 727w\" data-sizes=\"auto\" data-orig-sizes=\"(max-width: 800px) 100vw, (max-width: 640px) 100vw, 600px\" \/><\/span><\/div><\/div><\/div><div class=\"fusion-layout-column fusion_builder_column fusion-builder-column-1 fusion_builder_column_1_2 1_2 fusion-flex-column\" style=\"--awb-bg-size:cover;--awb-width-large:50%;--awb-margin-top-large:0px;--awb-spacing-right-large:3.84%;--awb-margin-bottom-large:0px;--awb-spacing-left-large:3.84%;--awb-width-medium:100%;--awb-order-medium:0;--awb-margin-top-medium:20px;--awb-spacing-right-medium:1.92%;--awb-margin-bottom-medium:20px;--awb-spacing-left-medium:1.92%;--awb-width-small:100%;--awb-order-small:0;--awb-spacing-right-small:1.92%;--awb-spacing-left-small:1.92%;\"><div class=\"fusion-column-wrapper fusion-column-has-shadow fusion-flex-justify-content-flex-start fusion-content-layout-column\"><div class=\"fusion-title title fusion-title-1 fusion-sep-none fusion-title-text fusion-title-size-two\" style=\"--awb-margin-bottom:20px;\"><h2 class=\"title-heading-left\" style=\"margin:0;\">Car Rentals<\/h2><\/div><div class=\"fusion-title title fusion-title-2 fusion-sep-none fusion-title-text fusion-title-size-three\" style=\"--awb-margin-bottom:15px;\"><h3 class=\"title-heading-left\" style=\"margin:0;\">Rent a cheap car in Formentera<\/h3><\/div><div class=\"fusion-separator fusion-full-width-sep\" style=\"align-self: center;margin-left: auto;margin-right: auto;margin-top:15px;width:100%;\"><\/div><div class=\"fusion-text fusion-text-1\"><p>On our <a href=\"https:\/\/www.rentacarformentera.com\/en\/\">rentacarformentera.com<\/a> website you can search, find and compare the prices of <strong>all the Rent a Car companies<\/strong> on the island of Formentera and book the<strong> best deals<\/strong> from all the car hire providers. <strong>Pick up<\/strong> your car at the seaport of La Sabina, in Es Pujols, Sa Roqueta, Punta Prima, Ca Mari, San Fernando de Ses Roques, San Francisco Javier, Es Calo, El Pilar de la Mola and many other places.<\/p>\n<p>Rent your car in Formentera with <strong>discounts<\/strong>, at the <strong>best price, <\/strong>with <strong>full insurance<\/strong> and without excess. With our <strong>rate comparison<\/strong> you won\u00b4t find ANY surprises.<\/p>\n<p><em>Compare all prices! Find cheap car hire in Formentera! Free cancellations! Limited offers! Best rates guaranteed! Dedicated customer service! Modifications and cancellations in seconds!<br \/><\/em><\/p>\n<p>Renting online at <strong>RentaCarFormentera.com<\/strong> is safe, simple and fast! You will <strong>not<\/strong> regret it!<\/p>\n<\/div><\/div><\/div><\/div><\/div><div class=\"fusion-fullwidth fullwidth-box fusion-builder-row-2 fusion-flex-container nonhundred-percent-fullwidth non-hundred-percent-height-scrolling\" style=\"--awb-background-position:left top;--awb-border-sizes-top:0px;--awb-border-sizes-bottom:0px;--awb-border-sizes-left:0px;--awb-border-sizes-right:0px;--awb-border-radius-top-left:0px;--awb-border-radius-top-right:0px;--awb-border-radius-bottom-right:0px;--awb-border-radius-bottom-left:0px;--awb-padding-top:34px;--awb-padding-bottom:0px;--awb-background-color:#f8f8f8;\" ><div class=\"fusion-builder-row fusion-row fusion-flex-align-items-flex-start\" style=\"max-width:calc( 1170px + 0px );margin-left: calc(-0px \/ 2 );margin-right: calc(-0px \/ 2 );\"><div class=\"fusion-layout-column fusion_builder_column fusion-builder-column-2 fusion_builder_column_1_1 1_1 fusion-flex-column fusion-flex-align-self-flex-start fusion-column-no-min-height\" style=\"--awb-bg-size:cover;--awb-width-large:100%;--awb-margin-top-large:0px;--awb-spacing-right-large:0px;--awb-margin-bottom-large:5px;--awb-spacing-left-large:0px;--awb-width-medium:100%;--awb-order-medium:0;--awb-spacing-right-medium:0px;--awb-spacing-left-medium:0px;--awb-width-small:100%;--awb-order-small:0;--awb-spacing-right-small:0px;--awb-spacing-left-small:0px;\"><div class=\"fusion-column-wrapper fusion-column-has-shadow fusion-flex-justify-content-flex-start fusion-content-layout-column\"><div class=\"fusion-title title fusion-title-3 fusion-sep-none fusion-title-center fusion-title-text fusion-title-size-three\" style=\"--awb-margin-bottom:20px;\"><h3 class=\"title-heading-center\" style=\"margin:0;\"><h2 align=\"center\"><i>&#8211;&gt; <a href=\"https:\/\/www.dpbolvw.net\/click-101587898-17122733\"><span style=\"color: #ff0000;\">Economy Car Search Engine<\/span><\/a> &lt;&#8211;<\/i><\/h2><\/h3><\/div><\/div><\/div><\/div><\/div><div class=\"fusion-fullwidth fullwidth-box fusion-builder-row-3 fusion-flex-container hundred-percent-fullwidth non-hundred-percent-height-scrolling\" style=\"--awb-background-position:left top;--awb-border-sizes-top:0px;--awb-border-sizes-bottom:0px;--awb-border-sizes-left:0px;--awb-border-sizes-right:0px;--awb-border-radius-top-left:0px;--awb-border-radius-top-right:0px;--awb-border-radius-bottom-right:0px;--awb-border-radius-bottom-left:0px;--awb-padding-top:0px;--awb-padding-right:0px;--awb-padding-bottom:0px;--awb-padding-left:0px;\" ><div class=\"fusion-builder-row fusion-row fusion-flex-align-items-stretch\" style=\"width:calc( 100% + 0px ) !important;max-width:calc( 100% + 0px ) !important;margin-left: calc(-0px \/ 2 );margin-right: calc(-0px \/ 2 );\"><div class=\"fusion-layout-column fusion_builder_column fusion-builder-column-3 fusion_builder_column_1_2 1_2 fusion-flex-column\" style=\"--awb-padding-top:50px;--awb-padding-right:14%;--awb-padding-bottom:50px;--awb-padding-left:14%;--awb-bg-color:#fb9482;--awb-bg-color-hover:#fb9482;--awb-bg-size:cover;--awb-width-large:50%;--awb-margin-top-large:0px;--awb-spacing-right-large:0px;--awb-margin-bottom-large:0px;--awb-spacing-left-large:0px;--awb-width-medium:100%;--awb-order-medium:1;--awb-spacing-right-medium:0px;--awb-spacing-left-medium:0px;--awb-width-small:100%;--awb-order-small:0;--awb-spacing-right-small:0px;--awb-spacing-left-small:0px;\"><div class=\"fusion-column-wrapper fusion-column-has-shadow fusion-flex-justify-content-flex-start fusion-content-layout-column\"><div class=\"fusion-text fusion-text-2\" style=\"--awb-margin-top:10px;\"><p><span style=\"color: #ffffff; font-size: 30px; line-height: 44px; font-family: 'Open Sans Condensed', sans-serif; font-weight: 300;\">Economic car hire on the island and in the port of Formentera for hours, days, weeks and months.<\/span><\/p>\n<\/div><\/div><\/div><div class=\"fusion-layout-column fusion_builder_column fusion-builder-column-4 fusion_builder_column_1_2 1_2 fusion-flex-column\" style=\"--awb-bg-position:right center;--awb-bg-size:cover;--awb-width-large:50%;--awb-margin-top-large:0px;--awb-spacing-right-large:0px;--awb-margin-bottom-large:0px;--awb-spacing-left-large:0px;--awb-width-medium:100%;--awb-order-medium:0;--awb-spacing-right-medium:0px;--awb-spacing-left-medium:0px;--awb-width-small:100%;--awb-order-small:0;--awb-spacing-right-small:0px;--awb-spacing-left-small:0px;\"><div class=\"fusion-column-wrapper lazyload fusion-column-has-shadow fusion-flex-justify-content-flex-start fusion-content-layout-column\" data-bg-url=\"https:\/\/www.rentacarformentera.com\/wp-content\/uploads\/2021\/08\/rent-a-car.jpg\" data-bg=\"https:\/\/www.rentacarformentera.com\/wp-content\/uploads\/2021\/08\/rent-a-car.jpg\"><div class=\"fusion-separator fusion-full-width-sep\" style=\"align-self: center;margin-left: auto;margin-right: auto;margin-top:200px;width:100%;\"><\/div><\/div><\/div><div class=\"fusion-layout-column fusion_builder_column fusion-builder-column-5 fusion_builder_column_1_2 1_2 fusion-flex-column\" style=\"--awb-bg-position:right bottom;--awb-bg-size:cover;--awb-width-large:50%;--awb-margin-top-large:0px;--awb-spacing-right-large:0px;--awb-margin-bottom-large:0px;--awb-spacing-left-large:0px;--awb-width-medium:100%;--awb-order-medium:2;--awb-spacing-right-medium:0px;--awb-spacing-left-medium:0px;--awb-width-small:100%;--awb-order-small:0;--awb-spacing-right-small:0px;--awb-spacing-left-small:0px;\"><div class=\"fusion-column-wrapper lazyload fusion-column-has-shadow fusion-flex-justify-content-flex-start fusion-content-layout-column\" data-bg-url=\"https:\/\/www.rentacarformentera.com\/wp-content\/uploads\/2021\/08\/rent-a-car-2.jpg\" data-bg=\"https:\/\/www.rentacarformentera.com\/wp-content\/uploads\/2021\/08\/rent-a-car-2.jpg\"><div class=\"fusion-separator fusion-full-width-sep\" style=\"align-self: center;margin-left: auto;margin-right: auto;margin-top:200px;width:100%;\"><\/div><\/div><\/div><div class=\"fusion-layout-column fusion_builder_column fusion-builder-column-6 fusion_builder_column_1_2 1_2 fusion-flex-column\" style=\"--awb-padding-top:50px;--awb-padding-right:14%;--awb-padding-bottom:50px;--awb-padding-left:14%;--awb-bg-color:#fb9482;--awb-bg-color-hover:#fb9482;--awb-bg-size:cover;--awb-width-large:50%;--awb-margin-top-large:0px;--awb-spacing-right-large:0px;--awb-margin-bottom-large:0px;--awb-spacing-left-large:0px;--awb-width-medium:100%;--awb-order-medium:3;--awb-spacing-right-medium:0px;--awb-spacing-left-medium:0px;--awb-width-small:100%;--awb-order-small:0;--awb-spacing-right-small:0px;--awb-spacing-left-small:0px;\"><div class=\"fusion-column-wrapper fusion-column-has-shadow fusion-flex-justify-content-flex-start fusion-content-layout-column\"><div class=\"fusion-text fusion-text-3\" style=\"--awb-margin-top:25px;\"><p><span style=\"color: #ffffff; font-size: 30px; line-height: 44px; font-family: 'Open Sans Condensed', sans-serif; font-weight: 300;\">At Rent a Car Formentera you will find the largest and most modern fleets of the most important national and international car rental companies, such as Europcar, Avis, Hertz, Goldcar, Hiper Rent a Car, Record Go, Click, Thrifty, Enterprise Rent a Car, Dollar, Inter Rent, Keddy by Europcar and about 25 local vehicle rental companies, such as La Savina Rent a Car, Formotor, Proauto, Autos Formentera, Autos Ca Mari, Migjorn, Rent a Car San Fernando, La Mola Rentacar, Isla Blanca, Motorent Pujols, etc.<\/span><\/p>\n<\/div><div class=\"fusion-separator fusion-full-width-sep\" style=\"align-self: center;margin-left: auto;margin-right: auto;margin-top:25px;width:100%;\"><\/div><\/div><\/div><\/div><\/div><div class=\"fusion-fullwidth fullwidth-box fusion-builder-row-4 fusion-flex-container nonhundred-percent-fullwidth non-hundred-percent-height-scrolling\" style=\"--awb-background-position:left top;--awb-border-sizes-top:0px;--awb-border-sizes-bottom:0px;--awb-border-sizes-left:0px;--awb-border-sizes-right:0px;--awb-border-radius-top-left:0px;--awb-border-radius-top-right:0px;--awb-border-radius-bottom-right:0px;--awb-border-radius-bottom-left:0px;--awb-padding-top:34px;--awb-padding-bottom:0px;--awb-background-color:#f8f8f8;\" ><div class=\"fusion-builder-row fusion-row fusion-flex-align-items-flex-start\" style=\"max-width:calc( 1170px + 0px );margin-left: calc(-0px \/ 2 );margin-right: calc(-0px \/ 2 );\"><div class=\"fusion-layout-column fusion_builder_column fusion-builder-column-7 fusion_builder_column_1_1 1_1 fusion-flex-column fusion-flex-align-self-flex-start fusion-column-no-min-height\" style=\"--awb-bg-size:cover;--awb-width-large:100%;--awb-margin-top-large:0px;--awb-spacing-right-large:0px;--awb-margin-bottom-large:5px;--awb-spacing-left-large:0px;--awb-width-medium:100%;--awb-order-medium:0;--awb-spacing-right-medium:0px;--awb-spacing-left-medium:0px;--awb-width-small:100%;--awb-order-small:0;--awb-spacing-right-small:0px;--awb-spacing-left-small:0px;\"><div class=\"fusion-column-wrapper fusion-column-has-shadow fusion-flex-justify-content-flex-start fusion-content-layout-column\"><div class=\"fusion-title title fusion-title-4 fusion-sep-none fusion-title-center fusion-title-text fusion-title-size-two\" style=\"--awb-margin-top:10px;--awb-margin-bottom:20px;\"><h2 class=\"title-heading-center\" style=\"margin:0;\">Find deals and book a cheap car rental in Formentera<\/h2><\/div><div style=\"text-align:center;\"><a class=\"fusion-button button-3d fusion-button-default-size button-default fusion-button-default button-1 fusion-button-default-span fusion-animated\" style=\"--button_margin-top:10px;--button_margin-bottom:60px;\" data-animationType=\"fadeInLeft\" data-animationDuration=\"0.3\" data-animationOffset=\"top-into-view\" target=\"_blank\" rel=\"noopener noreferrer\" title=\"Compare Car Rental Rates\" href=\"https:\/\/book.cartrawler.com\/?client=190631&amp;lang=EN\"><i class=\"fa-arrow-alt-circle-right fas button-icon-left\" aria-hidden=\"true\"><\/i><span class=\"fusion-button-text\">ALTERNATIVE SEARCH ENGINE<\/span><\/a><\/div><\/div><\/div><\/div><\/div><div class=\"fusion-fullwidth fullwidth-box fusion-builder-row-5 fusion-flex-container hundred-percent-fullwidth non-hundred-percent-height-scrolling\" style=\"--awb-background-position:left top;--awb-border-sizes-top:0px;--awb-border-sizes-bottom:0px;--awb-border-sizes-left:0px;--awb-border-sizes-right:0px;--awb-border-radius-top-left:0px;--awb-border-radius-top-right:0px;--awb-border-radius-bottom-right:0px;--awb-border-radius-bottom-left:0px;--awb-padding-top:0px;--awb-padding-right:0px;--awb-padding-bottom:0px;--awb-padding-left:0px;\" ><div class=\"fusion-builder-row fusion-row fusion-flex-align-items-stretch\" style=\"width:calc( 100% + 0px ) !important;max-width:calc( 100% + 0px ) !important;margin-left: calc(-0px \/ 2 );margin-right: calc(-0px \/ 2 );\"><div class=\"fusion-layout-column fusion_builder_column fusion-builder-column-8 fusion_builder_column_1_2 1_2 fusion-flex-column\" style=\"--awb-padding-top:50px;--awb-padding-right:14%;--awb-padding-bottom:50px;--awb-padding-left:14%;--awb-bg-color:#fb9482;--awb-bg-color-hover:#fb9482;--awb-bg-size:cover;--awb-width-large:50%;--awb-margin-top-large:0px;--awb-spacing-right-large:0px;--awb-margin-bottom-large:0px;--awb-spacing-left-large:0px;--awb-width-medium:100%;--awb-order-medium:5;--awb-spacing-right-medium:0px;--awb-spacing-left-medium:0px;--awb-width-small:100%;--awb-order-small:0;--awb-spacing-right-small:0px;--awb-spacing-left-small:0px;\"><div class=\"fusion-column-wrapper fusion-column-has-shadow fusion-flex-justify-content-flex-start fusion-content-layout-column\"><div class=\"fusion-text fusion-text-4\" style=\"--awb-margin-top:10px;\"><p><span style=\"color: #ffffff; font-size: 30px; line-height: 44px; font-family: 'Open Sans Condensed', sans-serif; font-weight: 300;\">You can pick up your rental car at one of the many offices in the port of La Sabina or in the tourist areas and hotels of Formentera.<\/span><a style=\"color: #222222; font-family: Times New Roman; font-size: small; font-style: italic; font-variant-ligatures: normal; font-variant-caps: normal; font-weight: 400; letter-spacing: normal; text-align: start; text-indent: 0px; text-transform: none; white-space: normal; word-spacing: 0px; -webkit-text-stroke-width: 0px; display: inline !important; float: none;\"><br \/>\n<\/a><\/p>\n<\/div><\/div><\/div><div class=\"fusion-layout-column fusion_builder_column fusion-builder-column-9 fusion_builder_column_1_2 1_2 fusion-flex-column\" style=\"--awb-bg-position:right top;--awb-bg-size:cover;--awb-width-large:50%;--awb-margin-top-large:0px;--awb-spacing-right-large:0px;--awb-margin-bottom-large:0px;--awb-spacing-left-large:0px;--awb-width-medium:100%;--awb-order-medium:4;--awb-spacing-right-medium:0px;--awb-spacing-left-medium:0px;--awb-width-small:100%;--awb-order-small:0;--awb-spacing-right-small:0px;--awb-spacing-left-small:0px;\"><div class=\"fusion-column-wrapper lazyload fusion-column-has-shadow fusion-flex-justify-content-flex-start fusion-content-layout-column\" data-bg-url=\"https:\/\/www.rentacarformentera.com\/wp-content\/uploads\/2021\/08\/rent-a-car-1.jpg\" data-bg=\"https:\/\/www.rentacarformentera.com\/wp-content\/uploads\/2021\/08\/rent-a-car-1.jpg\"><div class=\"fusion-separator fusion-full-width-sep\" style=\"align-self: center;margin-left: auto;margin-right: auto;margin-top:200px;width:100%;\"><\/div><\/div><\/div><\/div><\/div><div class=\"fusion-fullwidth fullwidth-box fusion-builder-row-6 fusion-flex-container nonhundred-percent-fullwidth non-hundred-percent-height-scrolling\" style=\"--awb-background-position:left top;--awb-border-sizes-top:0px;--awb-border-sizes-bottom:0px;--awb-border-sizes-left:0px;--awb-border-sizes-right:0px;--awb-border-radius-top-left:0px;--awb-border-radius-top-right:0px;--awb-border-radius-bottom-right:0px;--awb-border-radius-bottom-left:0px;--awb-padding-top:40px;--awb-padding-bottom:45px;\" ><div class=\"fusion-builder-row fusion-row fusion-flex-align-items-flex-start\" style=\"max-width:1216.8px;margin-left: calc(-4% \/ 2 );margin-right: calc(-4% \/ 2 );\"><div class=\"fusion-layout-column fusion_builder_column fusion-builder-column-10 fusion_builder_column_1_1 1_1 fusion-flex-column fusion-flex-align-self-flex-start fusion-column-no-min-height\" style=\"--awb-bg-size:cover;--awb-width-large:100%;--awb-margin-top-large:0px;--awb-spacing-right-large:1.92%;--awb-margin-bottom-large:40px;--awb-spacing-left-large:1.92%;--awb-width-medium:100%;--awb-spacing-right-medium:1.92%;--awb-margin-bottom-medium:30px;--awb-spacing-left-medium:1.92%;--awb-width-small:100%;--awb-spacing-right-small:1.92%;--awb-spacing-left-small:1.92%;\"><div class=\"fusion-column-wrapper fusion-flex-justify-content-flex-start fusion-content-layout-column\"><div class=\"fusion-title title fusion-title-5 fusion-sep-none fusion-title-center fusion-title-text fusion-title-size-two\" style=\"--awb-margin-bottom:20px;\"><h2 class=\"title-heading-center\" style=\"margin:0;\">Frequently asked questions<\/h2><\/div><div class=\"fusion-title title fusion-title-6 fusion-sep-none fusion-title-center fusion-title-text fusion-title-size-three\"><h3 class=\"title-heading-center\" style=\"margin:0;\">The guide to rent a car in Formentera<\/h3><\/div><\/div><\/div><div class=\"fusion-layout-column fusion_builder_column fusion-builder-column-11 fusion_builder_column_1_3 1_3 fusion-flex-column\" style=\"--awb-bg-size:cover;--awb-width-large:33.3333333333%;--awb-margin-top-large:0px;--awb-spacing-right-large:5.76%;--awb-margin-bottom-large:0px;--awb-spacing-left-large:5.76%;--awb-width-medium:100%;--awb-order-medium:0;--awb-spacing-right-medium:1.92%;--awb-spacing-left-medium:1.92%;--awb-width-small:100%;--awb-order-small:0;--awb-spacing-right-small:1.92%;--awb-spacing-left-small:1.92%;\"><div class=\"fusion-column-wrapper fusion-column-has-shadow fusion-flex-justify-content-flex-start fusion-content-layout-column\"><div class=\"accordian fusion-accordian\" style=\"--awb-border-size:1px;--awb-icon-size:13px;--awb-content-font-size:14px;--awb-icon-alignment:left;--awb-hover-color:#f9f9f9;--awb-border-color:#cccccc;--awb-background-color:#ffffff;--awb-divider-color:#e0dede;--awb-divider-hover-color:#e0dede;--awb-icon-color:#ffffff;--awb-title-color:#595f6b;--awb-content-color:#595f6b;--awb-icon-box-color:#333333;--awb-toggle-hover-accent-color:#f05858;--awb-title-font-family:&quot;Open Sans Condensed&quot;;--awb-title-font-weight:300;--awb-title-font-style:normal;--awb-title-font-size:20px;--awb-title-letter-spacing:0px;--awb-title-line-height:1.5;--awb-content-font-family:&quot;Open Sans&quot;;--awb-content-font-style:normal;--awb-content-font-weight:400;\"><div class=\"panel-group fusion-toggle-icon-boxed\" id=\"accordion-1260-1\"><div class=\"fusion-panel panel-default panel-5e7776a4cf346ce20 fusion-toggle-no-divider\"><div class=\"panel-heading\"><h4 class=\"panel-title toggle\" id=\"toggle_5e7776a4cf346ce20\"><a aria-expanded=\"false\" aria-controls=\"5e7776a4cf346ce20\" role=\"button\" data-toggle=\"collapse\" data-parent=\"#accordion-1260-1\" data-target=\"#5e7776a4cf346ce20\" href=\"#5e7776a4cf346ce20\"><span class=\"fusion-toggle-icon-wrapper\" aria-hidden=\"true\"><i class=\"fa-fusion-box active-icon awb-icon-minus\" aria-hidden=\"true\"><\/i><i class=\"fa-fusion-box inactive-icon awb-icon-plus\" aria-hidden=\"true\"><\/i><\/span><span class=\"fusion-toggle-heading\">Places to rent a car in Formentera<\/span><\/a><\/h4><\/div><div id=\"5e7776a4cf346ce20\" class=\"panel-collapse collapse \" aria-labelledby=\"toggle_5e7776a4cf346ce20\"><div class=\"panel-body toggle-content fusion-clearfix\">\n<p>Port of La Savina (La Sabina Harbour), Sant Francesc Xavier (San Francisco Javier), Sant Ferran (San Fernando), Es Cal\u00f3, El Pilar de la Mola, Es Pujols, Playa de Migjorn, Ca Mar\u00ed, Es Arenals, Cala Saona, Punta Prima, Sa Roqueta, Ses Illetas and in more than 55 hotels and private accommodation on the island.<\/p>\n<\/div><\/div><\/div><\/div><\/div><div class=\"accordian fusion-accordian\" style=\"--awb-border-size:1px;--awb-icon-size:13px;--awb-content-font-size:14px;--awb-icon-alignment:left;--awb-hover-color:#f9f9f9;--awb-border-color:#cccccc;--awb-background-color:#ffffff;--awb-divider-color:#e0dede;--awb-divider-hover-color:#e0dede;--awb-icon-color:#ffffff;--awb-title-color:#595f6b;--awb-content-color:#595f6b;--awb-icon-box-color:#333333;--awb-toggle-hover-accent-color:#f05858;--awb-title-font-family:&quot;Open Sans Condensed&quot;;--awb-title-font-weight:300;--awb-title-font-style:normal;--awb-title-font-size:20px;--awb-title-letter-spacing:0px;--awb-title-line-height:1.5;--awb-content-font-family:&quot;Open Sans&quot;;--awb-content-font-style:normal;--awb-content-font-weight:400;\"><div class=\"panel-group fusion-toggle-icon-boxed\" id=\"accordion-1260-2\"><div class=\"fusion-panel panel-default panel-568a36eab96eed79e fusion-toggle-no-divider\"><div class=\"panel-heading\"><h4 class=\"panel-title toggle\" id=\"toggle_568a36eab96eed79e\"><a aria-expanded=\"false\" aria-controls=\"568a36eab96eed79e\" role=\"button\" data-toggle=\"collapse\" data-parent=\"#accordion-1260-2\" data-target=\"#568a36eab96eed79e\" href=\"#568a36eab96eed79e\"><span class=\"fusion-toggle-icon-wrapper\" aria-hidden=\"true\"><i class=\"fa-fusion-box active-icon awb-icon-minus\" aria-hidden=\"true\"><\/i><i class=\"fa-fusion-box inactive-icon awb-icon-plus\" aria-hidden=\"true\"><\/i><\/span><span class=\"fusion-toggle-heading\">How much does it cost me to rent a vehicle per day?<\/span><\/a><\/h4><\/div><div id=\"568a36eab96eed79e\" class=\"panel-collapse collapse \" aria-labelledby=\"toggle_568a36eab96eed79e\"><div class=\"panel-body toggle-content fusion-clearfix\">\n<p>From 10 euros per day (depending on the season and number of days). We guarantee the best price of all Rent a Car companies.<\/p>\n<\/div><\/div><\/div><\/div><\/div><\/div><\/div><div class=\"fusion-layout-column fusion_builder_column fusion-builder-column-12 fusion_builder_column_1_3 1_3 fusion-flex-column\" style=\"--awb-bg-size:cover;--awb-width-large:33.3333333333%;--awb-margin-top-large:0px;--awb-spacing-right-large:5.76%;--awb-margin-bottom-large:0px;--awb-spacing-left-large:5.76%;--awb-width-medium:100%;--awb-spacing-right-medium:1.92%;--awb-spacing-left-medium:1.92%;--awb-width-small:100%;--awb-spacing-right-small:1.92%;--awb-spacing-left-small:1.92%;\"><div class=\"fusion-column-wrapper fusion-flex-justify-content-flex-start fusion-content-layout-column\"><div class=\"accordian fusion-accordian\" style=\"--awb-border-size:1px;--awb-icon-size:13px;--awb-content-font-size:14px;--awb-icon-alignment:left;--awb-hover-color:#f9f9f9;--awb-border-color:#cccccc;--awb-background-color:#ffffff;--awb-divider-color:#e0dede;--awb-divider-hover-color:#e0dede;--awb-icon-color:#ffffff;--awb-title-color:#595f6b;--awb-content-color:#595f6b;--awb-icon-box-color:#333333;--awb-toggle-hover-accent-color:#f05858;--awb-title-font-family:&quot;Open Sans Condensed&quot;;--awb-title-font-weight:300;--awb-title-font-style:normal;--awb-title-font-size:20px;--awb-title-letter-spacing:0px;--awb-title-line-height:1.5;--awb-content-font-family:&quot;Open Sans&quot;;--awb-content-font-style:normal;--awb-content-font-weight:400;\"><div class=\"panel-group fusion-toggle-icon-boxed\" id=\"accordion-1260-3\"><div class=\"fusion-panel panel-default panel-2e1d5e0f2b73659c7 fusion-toggle-no-divider\"><div class=\"panel-heading\"><h4 class=\"panel-title toggle\" id=\"toggle_2e1d5e0f2b73659c7\"><a aria-expanded=\"false\" aria-controls=\"2e1d5e0f2b73659c7\" role=\"button\" data-toggle=\"collapse\" data-parent=\"#accordion-1260-3\" data-target=\"#2e1d5e0f2b73659c7\" href=\"#2e1d5e0f2b73659c7\"><span class=\"fusion-toggle-icon-wrapper\" aria-hidden=\"true\"><i class=\"fa-fusion-box active-icon awb-icon-minus\" aria-hidden=\"true\"><\/i><i class=\"fa-fusion-box inactive-icon awb-icon-plus\" aria-hidden=\"true\"><\/i><\/span><span class=\"fusion-toggle-heading\">What options do I have to pay for my car?<\/span><\/a><\/h4><\/div><div id=\"2e1d5e0f2b73659c7\" class=\"panel-collapse collapse \" aria-labelledby=\"toggle_2e1d5e0f2b73659c7\"><div class=\"panel-body toggle-content fusion-clearfix\">\n<p>Most car rental companies require a credit or debit card before handing over the vehicle. However, nowadays there are more emerging companies that allow you to rent a car with just cash.<\/p>\n<\/div><\/div><\/div><div class=\"fusion-panel panel-default panel-b038d40dcba40412d fusion-toggle-no-divider\"><div class=\"panel-heading\"><h4 class=\"panel-title toggle\" id=\"toggle_b038d40dcba40412d\"><a aria-expanded=\"false\" aria-controls=\"b038d40dcba40412d\" role=\"button\" data-toggle=\"collapse\" data-parent=\"#accordion-1260-3\" data-target=\"#b038d40dcba40412d\" href=\"#b038d40dcba40412d\"><span class=\"fusion-toggle-icon-wrapper\" aria-hidden=\"true\"><i class=\"fa-fusion-box active-icon awb-icon-minus\" aria-hidden=\"true\"><\/i><i class=\"fa-fusion-box inactive-icon awb-icon-plus\" aria-hidden=\"true\"><\/i><\/span><span class=\"fusion-toggle-heading\">Can I rent without excess or deposit?<\/span><\/a><\/h4><\/div><div id=\"b038d40dcba40412d\" class=\"panel-collapse collapse \" aria-labelledby=\"toggle_b038d40dcba40412d\"><div class=\"panel-body toggle-content fusion-clearfix\">\n<p>The option of renting a car without excess or deposit is one of the most demanded by users. In order to rent a car without excess it is necessary to choose a comprehensive coverage that protects you in case of accident and breakdown and also against the most common carelessness, such as damage to bodywork and paintwork or flat tyres.<\/p>\n<\/div><\/div><\/div><\/div><\/div><\/div><\/div><div class=\"fusion-layout-column fusion_builder_column fusion-builder-column-13 fusion_builder_column_1_3 1_3 fusion-flex-column\" style=\"--awb-bg-size:cover;--awb-width-large:33.3333333333%;--awb-margin-top-large:0px;--awb-spacing-right-large:5.76%;--awb-margin-bottom-large:0px;--awb-spacing-left-large:5.76%;--awb-width-medium:100%;--awb-spacing-right-medium:1.92%;--awb-spacing-left-medium:1.92%;--awb-width-small:100%;--awb-spacing-right-small:1.92%;--awb-spacing-left-small:1.92%;\"><div class=\"fusion-column-wrapper fusion-flex-justify-content-flex-start fusion-content-layout-column\"><div class=\"accordian fusion-accordian\" style=\"--awb-border-size:1px;--awb-icon-size:13px;--awb-content-font-size:14px;--awb-icon-alignment:left;--awb-hover-color:#f9f9f9;--awb-border-color:#cccccc;--awb-background-color:#ffffff;--awb-divider-color:#e0dede;--awb-divider-hover-color:#e0dede;--awb-icon-color:#ffffff;--awb-title-color:#595f6b;--awb-content-color:#595f6b;--awb-icon-box-color:#333333;--awb-toggle-hover-accent-color:#f05858;--awb-title-font-family:&quot;Open Sans Condensed&quot;;--awb-title-font-weight:300;--awb-title-font-style:normal;--awb-title-font-size:20px;--awb-title-letter-spacing:0px;--awb-title-line-height:1.5;--awb-content-font-family:&quot;Open Sans&quot;;--awb-content-font-style:normal;--awb-content-font-weight:400;\"><div class=\"panel-group fusion-toggle-icon-boxed\" id=\"accordion-1260-4\"><div class=\"fusion-panel panel-default panel-7db9d89f5f8f4a0a6 fusion-toggle-no-divider\"><div class=\"panel-heading\"><h4 class=\"panel-title toggle\" id=\"toggle_7db9d89f5f8f4a0a6\"><a aria-expanded=\"false\" aria-controls=\"7db9d89f5f8f4a0a6\" role=\"button\" data-toggle=\"collapse\" data-parent=\"#accordion-1260-4\" data-target=\"#7db9d89f5f8f4a0a6\" href=\"#7db9d89f5f8f4a0a6\"><span class=\"fusion-toggle-icon-wrapper\" aria-hidden=\"true\"><i class=\"fa-fusion-box active-icon awb-icon-minus\" aria-hidden=\"true\"><\/i><i class=\"fa-fusion-box inactive-icon awb-icon-plus\" aria-hidden=\"true\"><\/i><\/span><span class=\"fusion-toggle-heading\">Can I return my car outside office hours?<\/span><\/a><\/h4><\/div><div id=\"7db9d89f5f8f4a0a6\" class=\"panel-collapse collapse \" aria-labelledby=\"toggle_7db9d89f5f8f4a0a6\"><div class=\"panel-body toggle-content fusion-clearfix\">\n<p>If you need to return the car after hours, it is possible to do so even if the office is closed, as long as this option is offered by the rental company where the car was rented.<\/p>\n<\/div><\/div><\/div><div class=\"fusion-panel panel-default panel-2312e103fe5dd3967 fusion-toggle-no-divider\"><div class=\"panel-heading\"><h4 class=\"panel-title toggle\" id=\"toggle_2312e103fe5dd3967\"><a aria-expanded=\"false\" aria-controls=\"2312e103fe5dd3967\" role=\"button\" data-toggle=\"collapse\" data-parent=\"#accordion-1260-4\" data-target=\"#2312e103fe5dd3967\" href=\"#2312e103fe5dd3967\"><span class=\"fusion-toggle-icon-wrapper\" aria-hidden=\"true\"><i class=\"fa-fusion-box active-icon awb-icon-minus\" aria-hidden=\"true\"><\/i><i class=\"fa-fusion-box inactive-icon awb-icon-plus\" aria-hidden=\"true\"><\/i><\/span><span class=\"fusion-toggle-heading\">What is the minimum age for renting a car?<\/span><\/a><\/h4><\/div><div id=\"2312e103fe5dd3967\" class=\"panel-collapse collapse \" aria-labelledby=\"toggle_2312e103fe5dd3967\"><div class=\"panel-body toggle-content fusion-clearfix\">\n<p>In most cases, drivers must be at least 21 years old and have held their driving licence for at least one year. However, there are emerging companies that allow 18 or 19 year olds to drive, paying a supplement of a few euros per day.<\/p>\n<\/div><\/div><\/div><\/div><\/div><\/div><\/div><\/div><\/div><div class=\"fusion-fullwidth fullwidth-box fusion-builder-row-7 fusion-flex-container fusion-parallax-none nonhundred-percent-fullwidth non-hundred-percent-height-scrolling lazyload\" style=\"--awb-border-radius-top-left:0px;--awb-border-radius-top-right:0px;--awb-border-radius-bottom-right:0px;--awb-border-radius-bottom-left:0px;--awb-padding-top:36px;--awb-padding-bottom:25px;--awb-background-size:cover;\" data-bg=\"https:\/\/www.rentacarformentera.com\/wp-content\/uploads\/2021\/08\/alquilar-coche.jpg\" ><div class=\"fusion-builder-row fusion-row fusion-flex-align-items-center fusion-flex-justify-content-center\" style=\"max-width:1216.8px;margin-left: calc(-4% \/ 2 );margin-right: calc(-4% \/ 2 );\"><div class=\"fusion-layout-column fusion_builder_column fusion-builder-column-14 fusion_builder_column_1_2 1_2 fusion-flex-column\" style=\"--awb-bg-size:cover;--awb-width-large:50%;--awb-margin-top-large:10px;--awb-spacing-right-large:3.84%;--awb-margin-bottom-large:0px;--awb-spacing-left-large:3.84%;--awb-width-medium:100%;--awb-order-medium:0;--awb-spacing-right-medium:1.92%;--awb-spacing-left-medium:1.92%;--awb-width-small:100%;--awb-order-small:0;--awb-spacing-right-small:1.92%;--awb-spacing-left-small:1.92%;\"><div class=\"fusion-column-wrapper fusion-column-has-shadow fusion-flex-justify-content-center fusion-content-layout-column\"><div class=\"fusion-text fusion-text-5\" style=\"--awb-content-alignment:center;--awb-line-height:18px;--awb-text-color:#fcfcfc;\"><p style=\"text-align: center;\"><span style=\"color: #ffffff;\"><strong><a style=\"color: #ffffff;\" href=\"https:\/\/www.rentacarformentera.com\/en\/\">Alquiler de coches econ\u00f3micos en Formentera: Compare todas las compa\u00f1\u00edas de alquiler de coches<\/a><\/strong><\/span><\/p>\n<p style=\"text-align: center;\"><span style=\"color: #ffffff;\"><strong><a style=\"color: #ffffff;\" href=\"https:\/\/www.rentacarformentera.com\/it\/\">Noleggio auto economico da Formentera: Confronta tutti gli autonoleggi<\/a><\/strong><\/span><\/p>\n<p style=\"text-align: center;\"><span style=\"color: #ffffff;\"><strong><a style=\"color: #ffffff;\" href=\"https:\/\/www.rentacarformentera.com\/de\/\">G\u00fcnstige Mietwagen auf Formentera: Vergleichen Sie alle Autovermietungen<\/a><\/strong><\/span><\/p>\n<\/div><\/div><\/div><div class=\"fusion-layout-column fusion_builder_column fusion-builder-column-15 fusion_builder_column_1_2 1_2 fusion-flex-column\" style=\"--awb-bg-size:cover;--awb-width-large:50%;--awb-margin-top-large:10px;--awb-spacing-right-large:3.84%;--awb-margin-bottom-large:0px;--awb-spacing-left-large:3.84%;--awb-width-medium:100%;--awb-order-medium:0;--awb-spacing-right-medium:1.92%;--awb-spacing-left-medium:1.92%;--awb-width-small:100%;--awb-order-small:0;--awb-spacing-right-small:1.92%;--awb-spacing-left-small:1.92%;\"><div class=\"fusion-column-wrapper fusion-column-has-shadow fusion-flex-justify-content-center fusion-content-layout-column\"><div class=\"fusion-text fusion-text-6\" style=\"--awb-content-alignment:center;--awb-line-height:18px;--awb-text-color:#fcfcfc;\"><p style=\"text-align: center;\"><span style=\"color: #ffffff;\"><strong><a style=\"color: #ffffff;\" href=\"https:\/\/www.rentacarformentera.com\/en\/\">Cheap car rental in Formentera: Compare all car hire companies<\/a><\/strong><\/span><\/p>\n<p style=\"text-align: center;\"><span style=\"color: #ffffff;\"><strong><a style=\"color: #ffffff;\" href=\"https:\/\/www.rentacarformentera.com\/en\/\">Lloguer de cotxes barats a Formentera: Compari totes les companyies de lloguer de vehicles<\/a><\/strong><\/span><\/p>\n<p style=\"text-align: center;\"><span style=\"color: #ffffff;\"><strong><a style=\"color: #ffffff;\" href=\"https:\/\/www.rentacarformentera.com\/fr\/\">Location de voiture bon march\u00e9 \u00e0 Formentera: Comparez toutes les compagnies de location de voitures<\/a><\/strong><\/span><\/p>\n<\/div><\/div><\/div><\/div><\/div><\/p>\n","protected":false},"excerpt":{"rendered":"","protected":false},"author":1,"featured_media":0,"parent":0,"menu_order":0,"comment_status":"closed","ping_status":"closed","template":"100-width.php","meta":{"footnotes":""},"class_list":["post-1260","page","type-page","status-publish","hentry"],"yoast_head":"<!-- This site is optimized with the Yoast SEO plugin v27.5 - https:\/\/yoast.com\/product\/yoast-seo-wordpress\/ -->\n<title>Rent a cheap car in Formentera | Compare Car Rental Prices<\/title>\n<meta name=\"description\" content=\"Rent a cheap car in Formentera. Compare cheap car hire prices. Rent a Car offers in the Port of La Savina. Economy rental rates and deals.\" \/>\n<meta name=\"robots\" content=\"index, follow, max-snippet:-1, max-image-preview:large, max-video-preview:-1\" \/>\n<link rel=\"canonical\" href=\"https:\/\/www.rentacarformentera.com\/en\/\" \/>\n<meta property=\"og:locale\" content=\"en_US\" \/>\n<meta property=\"og:type\" content=\"article\" \/>\n<meta property=\"og:title\" content=\"Rent a cheap car in Formentera | Compare Car Rental Prices\" \/>\n<meta property=\"og:description\" content=\"Rent a cheap car in Formentera. Compare cheap car hire prices. Rent a Car offers in the Port of La Savina. Economy rental rates and deals.\" \/>\n<meta property=\"og:url\" content=\"https:\/\/www.rentacarformentera.com\/en\/\" \/>\n<meta property=\"og:site_name\" content=\"Rent a Car Formentera\" \/>\n<meta property=\"article:modified_time\" content=\"2025-12-17T13:37:06+00:00\" \/>\n<meta name=\"twitter:card\" content=\"summary_large_image\" \/>\n<meta name=\"twitter:label1\" content=\"Est. reading time\" \/>\n\t<meta name=\"twitter:data1\" content=\"16 minutes\" \/>\n<script type=\"application\/ld+json\" class=\"yoast-schema-graph\">{\"@context\":\"https:\\\/\\\/schema.org\",\"@graph\":[{\"@type\":\"WebPage\",\"@id\":\"https:\\\/\\\/www.rentacarformentera.com\\\/en\\\/\",\"url\":\"https:\\\/\\\/www.rentacarformentera.com\\\/en\\\/\",\"name\":\"Rent a cheap car in Formentera | Compare Car Rental Prices\",\"isPartOf\":{\"@id\":\"https:\\\/\\\/www.rentacarformentera.com\\\/en\\\/#website\"},\"datePublished\":\"2024-02-01T07:55:14+00:00\",\"dateModified\":\"2025-12-17T13:37:06+00:00\",\"description\":\"Rent a cheap car in Formentera. Compare cheap car hire prices. Rent a Car offers in the Port of La Savina. Economy rental rates and deals.\",\"breadcrumb\":{\"@id\":\"https:\\\/\\\/www.rentacarformentera.com\\\/en\\\/#breadcrumb\"},\"inLanguage\":\"en-US\",\"potentialAction\":[{\"@type\":\"ReadAction\",\"target\":[\"https:\\\/\\\/www.rentacarformentera.com\\\/en\\\/\"]}]},{\"@type\":\"BreadcrumbList\",\"@id\":\"https:\\\/\\\/www.rentacarformentera.com\\\/en\\\/#breadcrumb\",\"itemListElement\":[{\"@type\":\"ListItem\",\"position\":1,\"name\":\"Portada\",\"item\":\"https:\\\/\\\/www.rentacarformentera.com\\\/en\\\/\"},{\"@type\":\"ListItem\",\"position\":2,\"name\":\"Rent a cheap car in Formentera | Compare Car Rental Prices\"}]},{\"@type\":\"WebSite\",\"@id\":\"https:\\\/\\\/www.rentacarformentera.com\\\/en\\\/#website\",\"url\":\"https:\\\/\\\/www.rentacarformentera.com\\\/en\\\/\",\"name\":\"Rent a Car Formentera\",\"description\":\"rentacarformentera.com\",\"publisher\":{\"@id\":\"https:\\\/\\\/www.rentacarformentera.com\\\/en\\\/#organization\"},\"potentialAction\":[{\"@type\":\"SearchAction\",\"target\":{\"@type\":\"EntryPoint\",\"urlTemplate\":\"https:\\\/\\\/www.rentacarformentera.com\\\/en\\\/?s={search_term_string}\"},\"query-input\":{\"@type\":\"PropertyValueSpecification\",\"valueRequired\":true,\"valueName\":\"search_term_string\"}}],\"inLanguage\":\"en-US\"},{\"@type\":\"Organization\",\"@id\":\"https:\\\/\\\/www.rentacarformentera.com\\\/en\\\/#organization\",\"name\":\"Rent a Car Formentera\",\"url\":\"https:\\\/\\\/www.rentacarformentera.com\\\/en\\\/\",\"logo\":{\"@type\":\"ImageObject\",\"inLanguage\":\"en-US\",\"@id\":\"https:\\\/\\\/www.rentacarformentera.com\\\/en\\\/#\\\/schema\\\/logo\\\/image\\\/\",\"url\":\"https:\\\/\\\/www.alquilarcoche.info\\\/wp-content\\\/uploads\\\/2021\\\/08\\\/alquilarcoche-info_logo_2x.png\",\"contentUrl\":\"https:\\\/\\\/www.alquilarcoche.info\\\/wp-content\\\/uploads\\\/2021\\\/08\\\/alquilarcoche-info_logo_2x.png\",\"width\":500,\"height\":90,\"caption\":\"Rent a Car Formentera\"},\"image\":{\"@id\":\"https:\\\/\\\/www.rentacarformentera.com\\\/en\\\/#\\\/schema\\\/logo\\\/image\\\/\"}}]}<\/script>\n<!-- \/ Yoast SEO plugin. -->","yoast_head_json":{"title":"Rent a cheap car in Formentera | Compare Car Rental Prices","description":"Rent a cheap car in Formentera. Compare cheap car hire prices. Rent a Car offers in the Port of La Savina. Economy rental rates and deals.","robots":{"index":"index","follow":"follow","max-snippet":"max-snippet:-1","max-image-preview":"max-image-preview:large","max-video-preview":"max-video-preview:-1"},"canonical":"https:\/\/www.rentacarformentera.com\/en\/","og_locale":"en_US","og_type":"article","og_title":"Rent a cheap car in Formentera | Compare Car Rental Prices","og_description":"Rent a cheap car in Formentera. Compare cheap car hire prices. Rent a Car offers in the Port of La Savina. Economy rental rates and deals.","og_url":"https:\/\/www.rentacarformentera.com\/en\/","og_site_name":"Rent a Car Formentera","article_modified_time":"2025-12-17T13:37:06+00:00","twitter_card":"summary_large_image","twitter_misc":{"Est. reading time":"16 minutes"},"schema":{"@context":"https:\/\/schema.org","@graph":[{"@type":"WebPage","@id":"https:\/\/www.rentacarformentera.com\/en\/","url":"https:\/\/www.rentacarformentera.com\/en\/","name":"Rent a cheap car in Formentera | Compare Car Rental Prices","isPartOf":{"@id":"https:\/\/www.rentacarformentera.com\/en\/#website"},"datePublished":"2024-02-01T07:55:14+00:00","dateModified":"2025-12-17T13:37:06+00:00","description":"Rent a cheap car in Formentera. Compare cheap car hire prices. Rent a Car offers in the Port of La Savina. Economy rental rates and deals.","breadcrumb":{"@id":"https:\/\/www.rentacarformentera.com\/en\/#breadcrumb"},"inLanguage":"en-US","potentialAction":[{"@type":"ReadAction","target":["https:\/\/www.rentacarformentera.com\/en\/"]}]},{"@type":"BreadcrumbList","@id":"https:\/\/www.rentacarformentera.com\/en\/#breadcrumb","itemListElement":[{"@type":"ListItem","position":1,"name":"Portada","item":"https:\/\/www.rentacarformentera.com\/en\/"},{"@type":"ListItem","position":2,"name":"Rent a cheap car in Formentera | Compare Car Rental Prices"}]},{"@type":"WebSite","@id":"https:\/\/www.rentacarformentera.com\/en\/#website","url":"https:\/\/www.rentacarformentera.com\/en\/","name":"Rent a Car Formentera","description":"rentacarformentera.com","publisher":{"@id":"https:\/\/www.rentacarformentera.com\/en\/#organization"},"potentialAction":[{"@type":"SearchAction","target":{"@type":"EntryPoint","urlTemplate":"https:\/\/www.rentacarformentera.com\/en\/?s={search_term_string}"},"query-input":{"@type":"PropertyValueSpecification","valueRequired":true,"valueName":"search_term_string"}}],"inLanguage":"en-US"},{"@type":"Organization","@id":"https:\/\/www.rentacarformentera.com\/en\/#organization","name":"Rent a Car Formentera","url":"https:\/\/www.rentacarformentera.com\/en\/","logo":{"@type":"ImageObject","inLanguage":"en-US","@id":"https:\/\/www.rentacarformentera.com\/en\/#\/schema\/logo\/image\/","url":"https:\/\/www.alquilarcoche.info\/wp-content\/uploads\/2021\/08\/alquilarcoche-info_logo_2x.png","contentUrl":"https:\/\/www.alquilarcoche.info\/wp-content\/uploads\/2021\/08\/alquilarcoche-info_logo_2x.png","width":500,"height":90,"caption":"Rent a Car Formentera"},"image":{"@id":"https:\/\/www.rentacarformentera.com\/en\/#\/schema\/logo\/image\/"}}]}},"_links":{"self":[{"href":"https:\/\/www.rentacarformentera.com\/en\/wp-json\/wp\/v2\/pages\/1260","targetHints":{"allow":["GET"]}}],"collection":[{"href":"https:\/\/www.rentacarformentera.com\/en\/wp-json\/wp\/v2\/pages"}],"about":[{"href":"https:\/\/www.rentacarformentera.com\/en\/wp-json\/wp\/v2\/types\/page"}],"author":[{"embeddable":true,"href":"https:\/\/www.rentacarformentera.com\/en\/wp-json\/wp\/v2\/users\/1"}],"replies":[{"embeddable":true,"href":"https:\/\/www.rentacarformentera.com\/en\/wp-json\/wp\/v2\/comments?post=1260"}],"version-history":[{"count":22,"href":"https:\/\/www.rentacarformentera.com\/en\/wp-json\/wp\/v2\/pages\/1260\/revisions"}],"predecessor-version":[{"id":1481,"href":"https:\/\/www.rentacarformentera.com\/en\/wp-json\/wp\/v2\/pages\/1260\/revisions\/1481"}],"wp:attachment":[{"href":"https:\/\/www.rentacarformentera.com\/en\/wp-json\/wp\/v2\/media?parent=1260"}],"curies":[{"name":"wp","href":"https:\/\/api.w.org\/{rel}","templated":true}]}}