{"id":1261,"date":"2024-02-01T09:55:14","date_gmt":"2024-02-01T07:55:14","guid":{"rendered":"https:\/\/www.rentacarformentera.com\/alquilar-coche-baleares\/"},"modified":"2025-12-17T15:39:23","modified_gmt":"2025-12-17T13:39:23","slug":"alquilar-coche-baleares","status":"publish","type":"page","link":"https:\/\/www.rentacarformentera.com\/de\/","title":{"rendered":"G\u00fcnstiges Auto mieten Formentera | Mietwagenpreise Autovermietung"},"content":{"rendered":"<p><div class=\"fusion-fullwidth fullwidth-box fusion-builder-row-1 fusion-flex-container nonhundred-percent-fullwidth non-hundred-percent-height-scrolling\" style=\"--awb-background-position:left top;--awb-border-sizes-top:0px;--awb-border-sizes-bottom:0px;--awb-border-sizes-left:0px;--awb-border-sizes-right:0px;--awb-border-radius-top-left:0px;--awb-border-radius-top-right:0px;--awb-border-radius-bottom-right:0px;--awb-border-radius-bottom-left:0px;--awb-padding-top:20px;--awb-padding-bottom:5px;--awb-padding-top-medium:70px;--awb-padding-bottom-medium:70px;--awb-padding-top-small:1px;--awb-padding-bottom-small:1px;--awb-margin-top-small:0px;--awb-margin-bottom-small:0px;\" ><div class=\"fusion-builder-row fusion-row fusion-flex-align-items-flex-start\" style=\"max-width:1216.8px;margin-left: calc(-4% \/ 2 );margin-right: calc(-4% \/ 2 );\"><div class=\"fusion-layout-column fusion_builder_column fusion-builder-column-0 fusion_builder_column_1_2 1_2 fusion-flex-column\" style=\"--awb-bg-size:cover;--awb-width-large:50%;--awb-margin-top-large:0px;--awb-spacing-right-large:3.84%;--awb-margin-bottom-large:0px;--awb-spacing-left-large:3.84%;--awb-width-medium:100%;--awb-order-medium:0;--awb-margin-top-medium:20px;--awb-spacing-right-medium:1.92%;--awb-margin-bottom-medium:20px;--awb-spacing-left-medium:1.92%;--awb-width-small:100%;--awb-order-small:0;--awb-spacing-right-small:1.92%;--awb-spacing-left-small:1.92%;\"><div class=\"fusion-column-wrapper fusion-column-has-shadow fusion-flex-justify-content-space-around fusion-content-layout-column\"><div class=\"fusion-image-element \" style=\"text-align:center;--awb-margin-top:8px;--awb-margin-bottom:25px;--awb-caption-title-font-family:var(--h2_typography-font-family);--awb-caption-title-font-weight:var(--h2_typography-font-weight);--awb-caption-title-font-style:var(--h2_typography-font-style);--awb-caption-title-size:var(--h2_typography-font-size);--awb-caption-title-transform:var(--h2_typography-text-transform);--awb-caption-title-line-height:var(--h2_typography-line-height);--awb-caption-title-letter-spacing:var(--h2_typography-letter-spacing);\"><span class=\" fusion-imageframe imageframe-none imageframe-1 hover-type-none\" class=\"image-magnify\" class=\"image-scroll\"><img decoding=\"async\" width=\"727\" height=\"879\" title=\"imagen formentera\" src=\"https:\/\/www.rentacarformentera.com\/wp-content\/uploads\/2021\/08\/imagen-formentera.jpg\" data-orig-src=\"https:\/\/www.rentacarformentera.com\/wp-content\/uploads\/2021\/08\/imagen-formentera.jpg\" alt class=\"lazyload img-responsive wp-image-1224\" srcset=\"data:image\/svg+xml,%3Csvg%20xmlns%3D%27http%3A%2F%2Fwww.w3.org%2F2000%2Fsvg%27%20width%3D%27727%27%20height%3D%27879%27%20viewBox%3D%270%200%20727%20879%27%3E%3Crect%20width%3D%27727%27%20height%3D%27879%27%20fill-opacity%3D%220%22%2F%3E%3C%2Fsvg%3E\" data-srcset=\"https:\/\/www.rentacarformentera.com\/wp-content\/uploads\/2021\/08\/imagen-formentera-200x242.jpg 200w, https:\/\/www.rentacarformentera.com\/wp-content\/uploads\/2021\/08\/imagen-formentera-400x484.jpg 400w, https:\/\/www.rentacarformentera.com\/wp-content\/uploads\/2021\/08\/imagen-formentera-600x725.jpg 600w, https:\/\/www.rentacarformentera.com\/wp-content\/uploads\/2021\/08\/imagen-formentera.jpg 727w\" data-sizes=\"auto\" data-orig-sizes=\"(max-width: 800px) 100vw, (max-width: 640px) 100vw, 600px\" \/><\/span><\/div><\/div><\/div><div class=\"fusion-layout-column fusion_builder_column fusion-builder-column-1 fusion_builder_column_1_2 1_2 fusion-flex-column\" style=\"--awb-bg-size:cover;--awb-width-large:50%;--awb-margin-top-large:0px;--awb-spacing-right-large:3.84%;--awb-margin-bottom-large:0px;--awb-spacing-left-large:3.84%;--awb-width-medium:100%;--awb-order-medium:0;--awb-margin-top-medium:20px;--awb-spacing-right-medium:1.92%;--awb-margin-bottom-medium:20px;--awb-spacing-left-medium:1.92%;--awb-width-small:100%;--awb-order-small:0;--awb-spacing-right-small:1.92%;--awb-spacing-left-small:1.92%;\"><div class=\"fusion-column-wrapper fusion-column-has-shadow fusion-flex-justify-content-flex-start fusion-content-layout-column\"><div class=\"fusion-title title fusion-title-1 fusion-sep-none fusion-title-text fusion-title-size-two\" style=\"--awb-margin-bottom:20px;\"><h2 class=\"title-heading-left\" style=\"margin:0;\">Mietwagen buchen<\/h2><\/div><div class=\"fusion-title title fusion-title-2 fusion-sep-none fusion-title-text fusion-title-size-three\" style=\"--awb-margin-bottom:15px;\"><h3 class=\"title-heading-left\" style=\"margin:0;\">Mieten Sie ein Auto auf Formentera<\/h3><\/div><div class=\"fusion-separator fusion-full-width-sep\" style=\"align-self: center;margin-left: auto;margin-right: auto;margin-top:15px;width:100%;\"><\/div><div class=\"fusion-text fusion-text-1\"><p>Auf unserer Website <a href=\"https:\/\/www.rentacarformentera.com\/de\/\">rentacarformentera.com<\/a> k\u00f6nnen Sie die Preise <strong>ALLER Autovermietungen<\/strong> auf der Insel Formentera suchen, finden, vergleichen und das beste Angebot auch gleich reservieren. <strong>Abholen<\/strong> k\u00f6nnen Sie Ihr Mietauto am Hafen von La Sabina, in Es Pujols, Sa Roqueta, Punta Prima, Ca Mari, San Fernando de Ses Roques, San Francisco Javier, Es Calo, El Pilar de la Mola und vielen anderen Orten.<\/p>\n<p>Mieten Sie Ihr Auto in Formentera<strong> mit Rabatten<\/strong>, zum <strong>besten Preis<\/strong>, mit <strong>Vollkaskoversicherung<\/strong> und ohne Selbstbeteiligung. Mit unserem <strong>Tarifvergleich<\/strong> werden Sie <strong>KEINE \u00dcberraschungen<\/strong> erleben.<\/p>\n<p><em>Vergleichen Sie Preise! Finden Sie die g\u00fcnstigste Autovermietung der ganzen Insel! Kostenlose Stornierungen! Begrenzte Angebote! Bester Mietpreis garantiert! Freundliche Kundenbetreuung! \u00c4nderungsw\u00fcnsche innerhalb von Sekunden!<\/em><\/p>\n<p>Online mieten bei <strong>RentaCarFormentera.com<\/strong> ist sicher, einfach und schnell! Sie werden es <strong>garantiert<\/strong> nicht bereuen!<\/p>\n<\/div><\/div><\/div><\/div><\/div><div class=\"fusion-fullwidth fullwidth-box fusion-builder-row-2 fusion-flex-container nonhundred-percent-fullwidth non-hundred-percent-height-scrolling\" style=\"--awb-background-position:left top;--awb-border-sizes-top:0px;--awb-border-sizes-bottom:0px;--awb-border-sizes-left:0px;--awb-border-sizes-right:0px;--awb-border-radius-top-left:0px;--awb-border-radius-top-right:0px;--awb-border-radius-bottom-right:0px;--awb-border-radius-bottom-left:0px;--awb-padding-top:34px;--awb-padding-bottom:0px;--awb-background-color:#f8f8f8;\" ><div class=\"fusion-builder-row fusion-row fusion-flex-align-items-flex-start\" style=\"max-width:calc( 1170px + 0px );margin-left: calc(-0px \/ 2 );margin-right: calc(-0px \/ 2 );\"><div class=\"fusion-layout-column fusion_builder_column fusion-builder-column-2 fusion_builder_column_1_1 1_1 fusion-flex-column fusion-flex-align-self-flex-start fusion-column-no-min-height\" style=\"--awb-bg-size:cover;--awb-width-large:100%;--awb-margin-top-large:0px;--awb-spacing-right-large:0px;--awb-margin-bottom-large:5px;--awb-spacing-left-large:0px;--awb-width-medium:100%;--awb-order-medium:0;--awb-spacing-right-medium:0px;--awb-spacing-left-medium:0px;--awb-width-small:100%;--awb-order-small:0;--awb-spacing-right-small:0px;--awb-spacing-left-small:0px;\"><div class=\"fusion-column-wrapper fusion-column-has-shadow fusion-flex-justify-content-flex-start fusion-content-layout-column\"><div class=\"fusion-title title fusion-title-3 fusion-sep-none fusion-title-center fusion-title-text fusion-title-size-three\" style=\"--awb-margin-bottom:20px;\"><h3 class=\"title-heading-center\" style=\"margin:0;\"><h2 align=\"center\"><i>&#8211;&gt; <a href=\"https:\/\/www.dpbolvw.net\/click-101587898-17122733\"><span style=\"color: #ff0000;\">G\u00fcnstige Mietwagen Suchmaschine<\/span><\/a> &lt;&#8211;<\/i><\/h2><\/h3><\/div><\/div><\/div><\/div><\/div><div class=\"fusion-fullwidth fullwidth-box fusion-builder-row-3 fusion-flex-container hundred-percent-fullwidth non-hundred-percent-height-scrolling\" style=\"--awb-background-position:left top;--awb-border-sizes-top:0px;--awb-border-sizes-bottom:0px;--awb-border-sizes-left:0px;--awb-border-sizes-right:0px;--awb-border-radius-top-left:0px;--awb-border-radius-top-right:0px;--awb-border-radius-bottom-right:0px;--awb-border-radius-bottom-left:0px;--awb-padding-top:0px;--awb-padding-right:0px;--awb-padding-bottom:0px;--awb-padding-left:0px;\" ><div class=\"fusion-builder-row fusion-row fusion-flex-align-items-stretch\" style=\"width:calc( 100% + 0px ) !important;max-width:calc( 100% + 0px ) !important;margin-left: calc(-0px \/ 2 );margin-right: calc(-0px \/ 2 );\"><div class=\"fusion-layout-column fusion_builder_column fusion-builder-column-3 fusion_builder_column_1_2 1_2 fusion-flex-column\" style=\"--awb-padding-top:50px;--awb-padding-right:14%;--awb-padding-bottom:50px;--awb-padding-left:14%;--awb-bg-color:#fb9482;--awb-bg-color-hover:#fb9482;--awb-bg-size:cover;--awb-width-large:50%;--awb-margin-top-large:0px;--awb-spacing-right-large:0px;--awb-margin-bottom-large:0px;--awb-spacing-left-large:0px;--awb-width-medium:100%;--awb-order-medium:1;--awb-spacing-right-medium:0px;--awb-spacing-left-medium:0px;--awb-width-small:100%;--awb-order-small:0;--awb-spacing-right-small:0px;--awb-spacing-left-small:0px;\"><div class=\"fusion-column-wrapper fusion-column-has-shadow fusion-flex-justify-content-flex-start fusion-content-layout-column\"><div class=\"fusion-text fusion-text-2\" style=\"--awb-margin-top:10px;\"><p><span style=\"color: #ffffff; font-size: 30px; line-height: 44px; font-family: 'Open Sans Condensed', sans-serif; font-weight: 300;\">G\u00fcnstige Autovermietung mit B\u00fcros auf der ganzen Insel und im Hafen von Formentera zum Mieten f\u00fcr Stunden, Tage, Wochen und Monate.<\/span><\/p>\n<\/div><\/div><\/div><div class=\"fusion-layout-column fusion_builder_column fusion-builder-column-4 fusion_builder_column_1_2 1_2 fusion-flex-column\" style=\"--awb-bg-position:right center;--awb-bg-size:cover;--awb-width-large:50%;--awb-margin-top-large:0px;--awb-spacing-right-large:0px;--awb-margin-bottom-large:0px;--awb-spacing-left-large:0px;--awb-width-medium:100%;--awb-order-medium:0;--awb-spacing-right-medium:0px;--awb-spacing-left-medium:0px;--awb-width-small:100%;--awb-order-small:0;--awb-spacing-right-small:0px;--awb-spacing-left-small:0px;\"><div class=\"fusion-column-wrapper lazyload fusion-column-has-shadow fusion-flex-justify-content-flex-start fusion-content-layout-column\" data-bg-url=\"https:\/\/www.rentacarformentera.com\/wp-content\/uploads\/2021\/08\/rent-a-car.jpg\" data-bg=\"https:\/\/www.rentacarformentera.com\/wp-content\/uploads\/2021\/08\/rent-a-car.jpg\"><div class=\"fusion-separator fusion-full-width-sep\" style=\"align-self: center;margin-left: auto;margin-right: auto;margin-top:200px;width:100%;\"><\/div><\/div><\/div><div class=\"fusion-layout-column fusion_builder_column fusion-builder-column-5 fusion_builder_column_1_2 1_2 fusion-flex-column\" style=\"--awb-bg-position:right bottom;--awb-bg-size:cover;--awb-width-large:50%;--awb-margin-top-large:0px;--awb-spacing-right-large:0px;--awb-margin-bottom-large:0px;--awb-spacing-left-large:0px;--awb-width-medium:100%;--awb-order-medium:2;--awb-spacing-right-medium:0px;--awb-spacing-left-medium:0px;--awb-width-small:100%;--awb-order-small:0;--awb-spacing-right-small:0px;--awb-spacing-left-small:0px;\"><div class=\"fusion-column-wrapper lazyload fusion-column-has-shadow fusion-flex-justify-content-flex-start fusion-content-layout-column\" data-bg-url=\"https:\/\/www.rentacarformentera.com\/wp-content\/uploads\/2021\/08\/rent-a-car-2.jpg\" data-bg=\"https:\/\/www.rentacarformentera.com\/wp-content\/uploads\/2021\/08\/rent-a-car-2.jpg\"><div class=\"fusion-separator fusion-full-width-sep\" style=\"align-self: center;margin-left: auto;margin-right: auto;margin-top:200px;width:100%;\"><\/div><\/div><\/div><div class=\"fusion-layout-column fusion_builder_column fusion-builder-column-6 fusion_builder_column_1_2 1_2 fusion-flex-column\" style=\"--awb-padding-top:50px;--awb-padding-right:14%;--awb-padding-bottom:50px;--awb-padding-left:14%;--awb-bg-color:#fb9482;--awb-bg-color-hover:#fb9482;--awb-bg-size:cover;--awb-width-large:50%;--awb-margin-top-large:0px;--awb-spacing-right-large:0px;--awb-margin-bottom-large:0px;--awb-spacing-left-large:0px;--awb-width-medium:100%;--awb-order-medium:3;--awb-spacing-right-medium:0px;--awb-spacing-left-medium:0px;--awb-width-small:100%;--awb-order-small:0;--awb-spacing-right-small:0px;--awb-spacing-left-small:0px;\"><div class=\"fusion-column-wrapper fusion-column-has-shadow fusion-flex-justify-content-flex-start fusion-content-layout-column\"><div class=\"fusion-text fusion-text-3\" style=\"--awb-margin-top:25px;\"><p><span style=\"color: #ffffff; font-size: 30px; line-height: 44px; font-family: 'Open Sans Condensed', sans-serif; font-weight: 300;\">Bei Rent a Car Formentera finden Sie die gr\u00f6\u00dfte und modernste Flottenauswahl der wichtigsten nationalen und internationalen Mietwagenfirmen, wie Avis, Europcar, Hertz, Goldcar, Hiper Rent a Car, Record Go, Click, Thrifty, Enterprise Rent a Car, Dollar, Inter Rent, Keddy by Europcar und etwa 25 lokale Autovermieter der Insel, wie La Savina Rent a Car, Formotor, Proauto, Autos Formentera, Autos Ca Mari, Migjorn, Rent a Car San Fernando, La Mola Rentacar, Isla Blanca, Motorent Pujols, etc.<\/span><\/p>\n<\/div><div class=\"fusion-separator fusion-full-width-sep\" style=\"align-self: center;margin-left: auto;margin-right: auto;margin-top:25px;width:100%;\"><\/div><\/div><\/div><\/div><\/div><div class=\"fusion-fullwidth fullwidth-box fusion-builder-row-4 fusion-flex-container nonhundred-percent-fullwidth non-hundred-percent-height-scrolling\" style=\"--awb-background-position:left top;--awb-border-sizes-top:0px;--awb-border-sizes-bottom:0px;--awb-border-sizes-left:0px;--awb-border-sizes-right:0px;--awb-border-radius-top-left:0px;--awb-border-radius-top-right:0px;--awb-border-radius-bottom-right:0px;--awb-border-radius-bottom-left:0px;--awb-padding-top:34px;--awb-padding-bottom:0px;--awb-background-color:#f8f8f8;\" ><div class=\"fusion-builder-row fusion-row fusion-flex-align-items-flex-start\" style=\"max-width:calc( 1170px + 0px );margin-left: calc(-0px \/ 2 );margin-right: calc(-0px \/ 2 );\"><div class=\"fusion-layout-column fusion_builder_column fusion-builder-column-7 fusion_builder_column_1_1 1_1 fusion-flex-column fusion-flex-align-self-flex-start fusion-column-no-min-height\" style=\"--awb-bg-size:cover;--awb-width-large:100%;--awb-margin-top-large:0px;--awb-spacing-right-large:0px;--awb-margin-bottom-large:5px;--awb-spacing-left-large:0px;--awb-width-medium:100%;--awb-order-medium:0;--awb-spacing-right-medium:0px;--awb-spacing-left-medium:0px;--awb-width-small:100%;--awb-order-small:0;--awb-spacing-right-small:0px;--awb-spacing-left-small:0px;\"><div class=\"fusion-column-wrapper fusion-column-has-shadow fusion-flex-justify-content-flex-start fusion-content-layout-column\"><div class=\"fusion-title title fusion-title-4 fusion-sep-none fusion-title-center fusion-title-text fusion-title-size-two\" style=\"--awb-margin-top:10px;--awb-margin-bottom:20px;\"><h2 class=\"title-heading-center\" style=\"margin:0;\">Finden Sie g\u00fcnstige Mietwagen und vergleichen Sie die Tarife aller Autofirmen auf Formentera<\/h2><\/div><div style=\"text-align:center;\"><a class=\"fusion-button button-3d fusion-button-default-size button-default fusion-button-default button-1 fusion-button-default-span fusion-animated\" style=\"--button_margin-top:10px;--button_margin-bottom:60px;\" data-animationType=\"fadeInLeft\" data-animationDuration=\"0.3\" data-animationOffset=\"top-into-view\" target=\"_blank\" rel=\"noopener noreferrer\" title=\"Preisvergleich Formentera Rent a Car\" href=\"https:\/\/book.cartrawler.com\/?client=190631&amp;lang=DE\"><i class=\"fa-arrow-alt-circle-right fas button-icon-left\" aria-hidden=\"true\"><\/i><span class=\"fusion-button-text\">ALTERNATIVE SUCHMASCHINE<\/span><\/a><\/div><\/div><\/div><\/div><\/div><div class=\"fusion-fullwidth fullwidth-box fusion-builder-row-5 fusion-flex-container hundred-percent-fullwidth non-hundred-percent-height-scrolling\" style=\"--awb-background-position:left top;--awb-border-sizes-top:0px;--awb-border-sizes-bottom:0px;--awb-border-sizes-left:0px;--awb-border-sizes-right:0px;--awb-border-radius-top-left:0px;--awb-border-radius-top-right:0px;--awb-border-radius-bottom-right:0px;--awb-border-radius-bottom-left:0px;--awb-padding-top:0px;--awb-padding-right:0px;--awb-padding-bottom:0px;--awb-padding-left:0px;\" ><div class=\"fusion-builder-row fusion-row fusion-flex-align-items-stretch\" style=\"width:calc( 100% + 0px ) !important;max-width:calc( 100% + 0px ) !important;margin-left: calc(-0px \/ 2 );margin-right: calc(-0px \/ 2 );\"><div class=\"fusion-layout-column fusion_builder_column fusion-builder-column-8 fusion_builder_column_1_2 1_2 fusion-flex-column\" style=\"--awb-padding-top:50px;--awb-padding-right:14%;--awb-padding-bottom:50px;--awb-padding-left:14%;--awb-bg-color:#fb9482;--awb-bg-color-hover:#fb9482;--awb-bg-size:cover;--awb-width-large:50%;--awb-margin-top-large:0px;--awb-spacing-right-large:0px;--awb-margin-bottom-large:0px;--awb-spacing-left-large:0px;--awb-width-medium:100%;--awb-order-medium:5;--awb-spacing-right-medium:0px;--awb-spacing-left-medium:0px;--awb-width-small:100%;--awb-order-small:0;--awb-spacing-right-small:0px;--awb-spacing-left-small:0px;\"><div class=\"fusion-column-wrapper fusion-column-has-shadow fusion-flex-justify-content-flex-start fusion-content-layout-column\"><div class=\"fusion-text fusion-text-4\" style=\"--awb-margin-top:10px;\"><p><span style=\"color: #ffffff; font-size: 30px; line-height: 44px; font-family: 'Open Sans Condensed', sans-serif; font-weight: 300;\">Sie k\u00f6nnen Ihren Mietwagen in einem der vielen B\u00fcros im Hafen von La Sabina oder in den Touristengebieten und Hotels von Formentera abholen.<\/span><a style=\"color: #222222; font-family: Times New Roman; font-size: small; font-style: italic; font-variant-ligatures: normal; font-variant-caps: normal; font-weight: 400; letter-spacing: normal; text-align: start; text-indent: 0px; text-transform: none; white-space: normal; word-spacing: 0px; -webkit-text-stroke-width: 0px; display: inline !important; float: none;\"><br \/>\n<\/a><\/p>\n<\/div><\/div><\/div><div class=\"fusion-layout-column fusion_builder_column fusion-builder-column-9 fusion_builder_column_1_2 1_2 fusion-flex-column\" style=\"--awb-bg-position:right top;--awb-bg-size:cover;--awb-width-large:50%;--awb-margin-top-large:0px;--awb-spacing-right-large:0px;--awb-margin-bottom-large:0px;--awb-spacing-left-large:0px;--awb-width-medium:100%;--awb-order-medium:4;--awb-spacing-right-medium:0px;--awb-spacing-left-medium:0px;--awb-width-small:100%;--awb-order-small:0;--awb-spacing-right-small:0px;--awb-spacing-left-small:0px;\"><div class=\"fusion-column-wrapper lazyload fusion-column-has-shadow fusion-flex-justify-content-flex-start fusion-content-layout-column\" data-bg-url=\"https:\/\/www.rentacarformentera.com\/wp-content\/uploads\/2021\/08\/rent-a-car-1.jpg\" data-bg=\"https:\/\/www.rentacarformentera.com\/wp-content\/uploads\/2021\/08\/rent-a-car-1.jpg\"><div class=\"fusion-separator fusion-full-width-sep\" style=\"align-self: center;margin-left: auto;margin-right: auto;margin-top:200px;width:100%;\"><\/div><\/div><\/div><\/div><\/div><div class=\"fusion-fullwidth fullwidth-box fusion-builder-row-6 fusion-flex-container nonhundred-percent-fullwidth non-hundred-percent-height-scrolling\" style=\"--awb-background-position:left top;--awb-border-sizes-top:0px;--awb-border-sizes-bottom:0px;--awb-border-sizes-left:0px;--awb-border-sizes-right:0px;--awb-border-radius-top-left:0px;--awb-border-radius-top-right:0px;--awb-border-radius-bottom-right:0px;--awb-border-radius-bottom-left:0px;--awb-padding-top:40px;--awb-padding-bottom:45px;\" ><div class=\"fusion-builder-row fusion-row fusion-flex-align-items-flex-start\" style=\"max-width:1216.8px;margin-left: calc(-4% \/ 2 );margin-right: calc(-4% \/ 2 );\"><div class=\"fusion-layout-column fusion_builder_column fusion-builder-column-10 fusion_builder_column_1_1 1_1 fusion-flex-column fusion-flex-align-self-flex-start fusion-column-no-min-height\" style=\"--awb-bg-size:cover;--awb-width-large:100%;--awb-margin-top-large:0px;--awb-spacing-right-large:1.92%;--awb-margin-bottom-large:40px;--awb-spacing-left-large:1.92%;--awb-width-medium:100%;--awb-spacing-right-medium:1.92%;--awb-margin-bottom-medium:30px;--awb-spacing-left-medium:1.92%;--awb-width-small:100%;--awb-spacing-right-small:1.92%;--awb-spacing-left-small:1.92%;\"><div class=\"fusion-column-wrapper fusion-flex-justify-content-flex-start fusion-content-layout-column\"><div class=\"fusion-title title fusion-title-5 fusion-sep-none fusion-title-center fusion-title-text fusion-title-size-two\" style=\"--awb-margin-bottom:20px;\"><h2 class=\"title-heading-center\" style=\"margin:0;\">H\u00e4ufig gestellte Fragen<\/h2><\/div><div class=\"fusion-title title fusion-title-6 fusion-sep-none fusion-title-center fusion-title-text fusion-title-size-three\"><h3 class=\"title-heading-center\" style=\"margin:0;\">Der Leitfaden f\u00fcr die Anmietung eines Mietautos auf Formentera<\/h3><\/div><\/div><\/div><div class=\"fusion-layout-column fusion_builder_column fusion-builder-column-11 fusion_builder_column_1_3 1_3 fusion-flex-column\" style=\"--awb-bg-size:cover;--awb-width-large:33.3333333333%;--awb-margin-top-large:0px;--awb-spacing-right-large:5.76%;--awb-margin-bottom-large:0px;--awb-spacing-left-large:5.76%;--awb-width-medium:100%;--awb-order-medium:0;--awb-spacing-right-medium:1.92%;--awb-spacing-left-medium:1.92%;--awb-width-small:100%;--awb-order-small:0;--awb-spacing-right-small:1.92%;--awb-spacing-left-small:1.92%;\"><div class=\"fusion-column-wrapper fusion-column-has-shadow fusion-flex-justify-content-flex-start fusion-content-layout-column\"><div class=\"accordian fusion-accordian\" style=\"--awb-border-size:1px;--awb-icon-size:13px;--awb-content-font-size:14px;--awb-icon-alignment:left;--awb-hover-color:#f9f9f9;--awb-border-color:#cccccc;--awb-background-color:#ffffff;--awb-divider-color:#e0dede;--awb-divider-hover-color:#e0dede;--awb-icon-color:#ffffff;--awb-title-color:#595f6b;--awb-content-color:#595f6b;--awb-icon-box-color:#333333;--awb-toggle-hover-accent-color:#f05858;--awb-title-font-family:&quot;Open Sans Condensed&quot;;--awb-title-font-weight:300;--awb-title-font-style:normal;--awb-title-font-size:20px;--awb-title-letter-spacing:0px;--awb-title-line-height:1.5;--awb-content-font-family:&quot;Open Sans&quot;;--awb-content-font-style:normal;--awb-content-font-weight:400;\"><div class=\"panel-group fusion-toggle-icon-boxed\" id=\"accordion-1261-1\"><div class=\"fusion-panel panel-default panel-4ca4111edfb06c6fc fusion-toggle-no-divider\"><div class=\"panel-heading\"><h4 class=\"panel-title toggle\" id=\"toggle_4ca4111edfb06c6fc\"><a aria-expanded=\"false\" aria-controls=\"4ca4111edfb06c6fc\" role=\"button\" data-toggle=\"collapse\" data-parent=\"#accordion-1261-1\" data-target=\"#4ca4111edfb06c6fc\" href=\"#4ca4111edfb06c6fc\"><span class=\"fusion-toggle-icon-wrapper\" aria-hidden=\"true\"><i class=\"fa-fusion-box active-icon awb-icon-minus\" aria-hidden=\"true\"><\/i><i class=\"fa-fusion-box inactive-icon awb-icon-plus\" aria-hidden=\"true\"><\/i><\/span><span class=\"fusion-toggle-heading\">Orte, an denen man auf Formentera ein Auto mieten kann<\/span><\/a><\/h4><\/div><div id=\"4ca4111edfb06c6fc\" class=\"panel-collapse collapse \" aria-labelledby=\"toggle_4ca4111edfb06c6fc\"><div class=\"panel-body toggle-content fusion-clearfix\">\n<p>Hafen von La Savina (La Sabina), Sant Francesc Xavier (San Francisco Javier), Sant Ferran (San Fernando), Es Cal\u00f3, El Pilar de la Mola, Es Pujols, Playa de Migjorn, Ca Mar\u00ed, Es Arenals, Cala Saona, Punta Prima, Sa Roqueta, Ses Illetas und in mehr als 55 Hotels und Privatunterk\u00fcnften auf der Insel.<\/p>\n<\/div><\/div><\/div><\/div><\/div><div class=\"accordian fusion-accordian\" style=\"--awb-border-size:1px;--awb-icon-size:13px;--awb-content-font-size:14px;--awb-icon-alignment:left;--awb-hover-color:#f9f9f9;--awb-border-color:#cccccc;--awb-background-color:#ffffff;--awb-divider-color:#e0dede;--awb-divider-hover-color:#e0dede;--awb-icon-color:#ffffff;--awb-title-color:#595f6b;--awb-content-color:#595f6b;--awb-icon-box-color:#333333;--awb-toggle-hover-accent-color:#f05858;--awb-title-font-family:&quot;Open Sans Condensed&quot;;--awb-title-font-weight:300;--awb-title-font-style:normal;--awb-title-font-size:20px;--awb-title-letter-spacing:0px;--awb-title-line-height:1.5;--awb-content-font-family:&quot;Open Sans&quot;;--awb-content-font-style:normal;--awb-content-font-weight:400;\"><div class=\"panel-group fusion-toggle-icon-boxed\" id=\"accordion-1261-2\"><div class=\"fusion-panel panel-default panel-baf7106f9f1b708fa fusion-toggle-no-divider\"><div class=\"panel-heading\"><h4 class=\"panel-title toggle\" id=\"toggle_baf7106f9f1b708fa\"><a aria-expanded=\"false\" aria-controls=\"baf7106f9f1b708fa\" role=\"button\" data-toggle=\"collapse\" data-parent=\"#accordion-1261-2\" data-target=\"#baf7106f9f1b708fa\" href=\"#baf7106f9f1b708fa\"><span class=\"fusion-toggle-icon-wrapper\" aria-hidden=\"true\"><i class=\"fa-fusion-box active-icon awb-icon-minus\" aria-hidden=\"true\"><\/i><i class=\"fa-fusion-box inactive-icon awb-icon-plus\" aria-hidden=\"true\"><\/i><\/span><span class=\"fusion-toggle-heading\">Wie viel kostet es mich am Tag, einen Pkw zu mieten?<\/span><\/a><\/h4><\/div><div id=\"baf7106f9f1b708fa\" class=\"panel-collapse collapse \" aria-labelledby=\"toggle_baf7106f9f1b708fa\"><div class=\"panel-body toggle-content fusion-clearfix\">\n<p>Ab 10 Euro pro Tag (je nach Saison und Gesamtanzahl der Tage). Wir garantieren den besten Preis aller Autovermietungen.<\/p>\n<\/div><\/div><\/div><\/div><\/div><\/div><\/div><div class=\"fusion-layout-column fusion_builder_column fusion-builder-column-12 fusion_builder_column_1_3 1_3 fusion-flex-column\" style=\"--awb-bg-size:cover;--awb-width-large:33.3333333333%;--awb-margin-top-large:0px;--awb-spacing-right-large:5.76%;--awb-margin-bottom-large:0px;--awb-spacing-left-large:5.76%;--awb-width-medium:100%;--awb-spacing-right-medium:1.92%;--awb-spacing-left-medium:1.92%;--awb-width-small:100%;--awb-spacing-right-small:1.92%;--awb-spacing-left-small:1.92%;\"><div class=\"fusion-column-wrapper fusion-flex-justify-content-flex-start fusion-content-layout-column\"><div class=\"accordian fusion-accordian\" style=\"--awb-border-size:1px;--awb-icon-size:13px;--awb-content-font-size:14px;--awb-icon-alignment:left;--awb-hover-color:#f9f9f9;--awb-border-color:#cccccc;--awb-background-color:#ffffff;--awb-divider-color:#e0dede;--awb-divider-hover-color:#e0dede;--awb-icon-color:#ffffff;--awb-title-color:#595f6b;--awb-content-color:#595f6b;--awb-icon-box-color:#333333;--awb-toggle-hover-accent-color:#f05858;--awb-title-font-family:&quot;Open Sans Condensed&quot;;--awb-title-font-weight:300;--awb-title-font-style:normal;--awb-title-font-size:20px;--awb-title-letter-spacing:0px;--awb-title-line-height:1.5;--awb-content-font-family:&quot;Open Sans&quot;;--awb-content-font-style:normal;--awb-content-font-weight:400;\"><div class=\"panel-group fusion-toggle-icon-boxed\" id=\"accordion-1261-3\"><div class=\"fusion-panel panel-default panel-faafd8d5546021c6d fusion-toggle-no-divider\"><div class=\"panel-heading\"><h4 class=\"panel-title toggle\" id=\"toggle_faafd8d5546021c6d\"><a aria-expanded=\"false\" aria-controls=\"faafd8d5546021c6d\" role=\"button\" data-toggle=\"collapse\" data-parent=\"#accordion-1261-3\" data-target=\"#faafd8d5546021c6d\" href=\"#faafd8d5546021c6d\"><span class=\"fusion-toggle-icon-wrapper\" aria-hidden=\"true\"><i class=\"fa-fusion-box active-icon awb-icon-minus\" aria-hidden=\"true\"><\/i><i class=\"fa-fusion-box inactive-icon awb-icon-plus\" aria-hidden=\"true\"><\/i><\/span><span class=\"fusion-toggle-heading\">Welche M\u00f6glichkeiten habe ich, um meinen Mietwagen zu bezahlen?<\/span><\/a><\/h4><\/div><div id=\"faafd8d5546021c6d\" class=\"panel-collapse collapse \" aria-labelledby=\"toggle_faafd8d5546021c6d\"><div class=\"panel-body toggle-content fusion-clearfix\">\n<p>Die meisten Autovermietungen verlangen vor der \u00dcbergabe des Fahrzeugs eine Kredit- oder Debitkarte. Es gibt jedoch immer mehr Unternehmen, bei denen Sie ein Auto mit Bargeld mieten k\u00f6nnen.<\/p>\n<\/div><\/div><\/div><div class=\"fusion-panel panel-default panel-d607e7ead48584985 fusion-toggle-no-divider\"><div class=\"panel-heading\"><h4 class=\"panel-title toggle\" id=\"toggle_d607e7ead48584985\"><a aria-expanded=\"false\" aria-controls=\"d607e7ead48584985\" role=\"button\" data-toggle=\"collapse\" data-parent=\"#accordion-1261-3\" data-target=\"#d607e7ead48584985\" href=\"#d607e7ead48584985\"><span class=\"fusion-toggle-icon-wrapper\" aria-hidden=\"true\"><i class=\"fa-fusion-box active-icon awb-icon-minus\" aria-hidden=\"true\"><\/i><i class=\"fa-fusion-box inactive-icon awb-icon-plus\" aria-hidden=\"true\"><\/i><\/span><span class=\"fusion-toggle-heading\">Kann ich ohne Selbstbeteiligung oder Kaution mieten?<\/span><\/a><\/h4><\/div><div id=\"d607e7ead48584985\" class=\"panel-collapse collapse \" aria-labelledby=\"toggle_d607e7ead48584985\"><div class=\"panel-body toggle-content fusion-clearfix\">\n<p>Die M\u00f6glichkeit, ein Auto ohne Selbstbeteiligung oder Kaution zu mieten, wird von den Kunden am meisten nachgefragt. Um ein Auto ohne Selbstbeteiligung zu mieten, ist es notwendig, eine Vollkaskoversicherung auszuw\u00e4hlen, die Sie bei Unf\u00e4llen und Pannen sowie bei den h\u00e4ufigsten Unachtsamkeiten wie Karosserie- und Lacksch\u00e4den oder platten Reifen sch\u00fctzt.<\/p>\n<\/div><\/div><\/div><\/div><\/div><\/div><\/div><div class=\"fusion-layout-column fusion_builder_column fusion-builder-column-13 fusion_builder_column_1_3 1_3 fusion-flex-column\" style=\"--awb-bg-size:cover;--awb-width-large:33.3333333333%;--awb-margin-top-large:0px;--awb-spacing-right-large:5.76%;--awb-margin-bottom-large:0px;--awb-spacing-left-large:5.76%;--awb-width-medium:100%;--awb-spacing-right-medium:1.92%;--awb-spacing-left-medium:1.92%;--awb-width-small:100%;--awb-spacing-right-small:1.92%;--awb-spacing-left-small:1.92%;\"><div class=\"fusion-column-wrapper fusion-flex-justify-content-flex-start fusion-content-layout-column\"><div class=\"accordian fusion-accordian\" style=\"--awb-border-size:1px;--awb-icon-size:13px;--awb-content-font-size:14px;--awb-icon-alignment:left;--awb-hover-color:#f9f9f9;--awb-border-color:#cccccc;--awb-background-color:#ffffff;--awb-divider-color:#e0dede;--awb-divider-hover-color:#e0dede;--awb-icon-color:#ffffff;--awb-title-color:#595f6b;--awb-content-color:#595f6b;--awb-icon-box-color:#333333;--awb-toggle-hover-accent-color:#f05858;--awb-title-font-family:&quot;Open Sans Condensed&quot;;--awb-title-font-weight:300;--awb-title-font-style:normal;--awb-title-font-size:20px;--awb-title-letter-spacing:0px;--awb-title-line-height:1.5;--awb-content-font-family:&quot;Open Sans&quot;;--awb-content-font-style:normal;--awb-content-font-weight:400;\"><div class=\"panel-group fusion-toggle-icon-boxed\" id=\"accordion-1261-4\"><div class=\"fusion-panel panel-default panel-88d742028089eab6b fusion-toggle-no-divider\"><div class=\"panel-heading\"><h4 class=\"panel-title toggle\" id=\"toggle_88d742028089eab6b\"><a aria-expanded=\"false\" aria-controls=\"88d742028089eab6b\" role=\"button\" data-toggle=\"collapse\" data-parent=\"#accordion-1261-4\" data-target=\"#88d742028089eab6b\" href=\"#88d742028089eab6b\"><span class=\"fusion-toggle-icon-wrapper\" aria-hidden=\"true\"><i class=\"fa-fusion-box active-icon awb-icon-minus\" aria-hidden=\"true\"><\/i><i class=\"fa-fusion-box inactive-icon awb-icon-plus\" aria-hidden=\"true\"><\/i><\/span><span class=\"fusion-toggle-heading\">Kann ich mein Auto auch au\u00dferhalb der B\u00fcrozeiten zur\u00fcckgeben?<\/span><\/a><\/h4><\/div><div id=\"88d742028089eab6b\" class=\"panel-collapse collapse \" aria-labelledby=\"toggle_88d742028089eab6b\"><div class=\"panel-body toggle-content fusion-clearfix\">\n<p>Wenn Sie den Mietwagen nach Feierabend zur\u00fcckgeben m\u00f6chten, k\u00f6nnen Sie dies tun, sofern diese M\u00f6glichkeit von der Autovermietung, bei der Sie das Auto gemietet haben, angeboten wird.<\/p>\n<\/div><\/div><\/div><div class=\"fusion-panel panel-default panel-0a34967e5cbbea86c fusion-toggle-no-divider\"><div class=\"panel-heading\"><h4 class=\"panel-title toggle\" id=\"toggle_0a34967e5cbbea86c\"><a aria-expanded=\"false\" aria-controls=\"0a34967e5cbbea86c\" role=\"button\" data-toggle=\"collapse\" data-parent=\"#accordion-1261-4\" data-target=\"#0a34967e5cbbea86c\" href=\"#0a34967e5cbbea86c\"><span class=\"fusion-toggle-icon-wrapper\" aria-hidden=\"true\"><i class=\"fa-fusion-box active-icon awb-icon-minus\" aria-hidden=\"true\"><\/i><i class=\"fa-fusion-box inactive-icon awb-icon-plus\" aria-hidden=\"true\"><\/i><\/span><span class=\"fusion-toggle-heading\">Was ist das Mindestalter f\u00fcr die Anmietung eines Autos?<\/span><\/a><\/h4><\/div><div id=\"0a34967e5cbbea86c\" class=\"panel-collapse collapse \" aria-labelledby=\"toggle_0a34967e5cbbea86c\"><div class=\"panel-body toggle-content fusion-clearfix\">\n<p>In den meisten F\u00e4llen m\u00fcssen die Fahrer mindestens 21 Jahre alt sein und ihren F\u00fchrerschein seit mindestens einem Jahr besitzen. Aber es gibt immer mehr Mietwagenfirmen, die 18- oder 19-j\u00e4hrige gegen einen Aufpreis von ein paar Euro pro Tag zulassen.<\/p>\n<\/div><\/div><\/div><\/div><\/div><\/div><\/div><\/div><\/div><div class=\"fusion-fullwidth fullwidth-box fusion-builder-row-7 fusion-flex-container fusion-parallax-none nonhundred-percent-fullwidth non-hundred-percent-height-scrolling lazyload\" style=\"--awb-border-radius-top-left:0px;--awb-border-radius-top-right:0px;--awb-border-radius-bottom-right:0px;--awb-border-radius-bottom-left:0px;--awb-padding-top:36px;--awb-padding-bottom:25px;--awb-background-size:cover;\" data-bg=\"https:\/\/www.rentacarformentera.com\/wp-content\/uploads\/2021\/08\/alquilar-coche.jpg\" ><div class=\"fusion-builder-row fusion-row fusion-flex-align-items-center fusion-flex-justify-content-center\" style=\"max-width:1216.8px;margin-left: calc(-4% \/ 2 );margin-right: calc(-4% \/ 2 );\"><div class=\"fusion-layout-column fusion_builder_column fusion-builder-column-14 fusion_builder_column_1_2 1_2 fusion-flex-column\" style=\"--awb-bg-size:cover;--awb-width-large:50%;--awb-margin-top-large:10px;--awb-spacing-right-large:3.84%;--awb-margin-bottom-large:0px;--awb-spacing-left-large:3.84%;--awb-width-medium:100%;--awb-order-medium:0;--awb-spacing-right-medium:1.92%;--awb-spacing-left-medium:1.92%;--awb-width-small:100%;--awb-order-small:0;--awb-spacing-right-small:1.92%;--awb-spacing-left-small:1.92%;\"><div class=\"fusion-column-wrapper fusion-column-has-shadow fusion-flex-justify-content-center fusion-content-layout-column\"><div class=\"fusion-text fusion-text-5\" style=\"--awb-content-alignment:center;--awb-line-height:18px;--awb-text-color:#fcfcfc;\"><p style=\"text-align: center;\"><span style=\"color: #ffffff;\"><strong><a style=\"color: #ffffff;\" href=\"https:\/\/www.rentacarformentera.com\/de\/\">Alquiler de coches nuevos en Formentera: Compare todas las compa\u00f1\u00edas de alquiler de coches<\/a><\/strong><\/span><\/p>\n<p style=\"text-align: center;\"><span style=\"color: #ffffff;\"><strong><a style=\"color: #ffffff;\" href=\"https:\/\/www.rentacarformentera.com\/it\/\">Noleggio auto economico da Formentera: Confronta tutti gli autonoleggi<\/a><\/strong><\/span><\/p>\n<p style=\"text-align: center;\"><span style=\"color: #ffffff;\"><strong><a style=\"color: #ffffff;\" href=\"https:\/\/www.rentacarformentera.com\/de\/\">G\u00fcnstige Mietwagen auf Formentera: Vergleichen Sie alle Mietwagenfirmen<\/a><\/strong><\/span><\/p>\n<\/div><\/div><\/div><div class=\"fusion-layout-column fusion_builder_column fusion-builder-column-15 fusion_builder_column_1_2 1_2 fusion-flex-column\" style=\"--awb-bg-size:cover;--awb-width-large:50%;--awb-margin-top-large:10px;--awb-spacing-right-large:3.84%;--awb-margin-bottom-large:0px;--awb-spacing-left-large:3.84%;--awb-width-medium:100%;--awb-order-medium:0;--awb-spacing-right-medium:1.92%;--awb-spacing-left-medium:1.92%;--awb-width-small:100%;--awb-order-small:0;--awb-spacing-right-small:1.92%;--awb-spacing-left-small:1.92%;\"><div class=\"fusion-column-wrapper fusion-column-has-shadow fusion-flex-justify-content-center fusion-content-layout-column\"><div class=\"fusion-text fusion-text-6\" style=\"--awb-content-alignment:center;--awb-line-height:18px;--awb-text-color:#fcfcfc;\"><p style=\"text-align: center;\"><span style=\"color: #ffffff;\"><strong><a style=\"color: #ffffff;\" href=\"https:\/\/www.rentacarformentera.com\/en\/\">Cheap car rental in Formentera: Compare all rent a car companies<\/a><\/strong><\/span><\/p>\n<p style=\"text-align: center;\"><span style=\"color: #ffffff;\"><strong><a style=\"color: #ffffff;\" href=\"https:\/\/www.rentacarformentera.com\/de\/\">Lloguer de cotxes barats a Formentera: Compari totes les companyies de lloguer de vehicles<\/a><\/strong><\/span><\/p>\n<p style=\"text-align: center;\"><span style=\"color: #ffffff;\"><strong><a style=\"color: #ffffff;\" href=\"https:\/\/www.rentacarformentera.com\/fr\/\">Location de voiture bon march\u00e9 \u00e0 Formentera: Comparez toutes les compagnies de location de voitures<\/a><\/strong><\/span><\/p>\n<\/div><\/div><\/div><\/div><\/div><\/p>\n","protected":false},"excerpt":{"rendered":"","protected":false},"author":1,"featured_media":0,"parent":0,"menu_order":0,"comment_status":"closed","ping_status":"closed","template":"100-width.php","meta":{"footnotes":""},"class_list":["post-1261","page","type-page","status-publish","hentry"],"yoast_head":"<!-- This site is optimized with the Yoast SEO plugin v27.5 - https:\/\/yoast.com\/product\/yoast-seo-wordpress\/ -->\n<title>G\u00fcnstiges Auto mieten Formentera | Mietwagenpreise Autovermietung<\/title>\n<meta name=\"description\" content=\"Mieten Sie ein g\u00fcnstiges Auto in Formentera. Preise vergleichen. Preisvergleich billiger Mietwagen. Autovermietung im Hafen von La Savina.\" \/>\n<meta name=\"robots\" content=\"index, follow, max-snippet:-1, max-image-preview:large, max-video-preview:-1\" \/>\n<link rel=\"canonical\" href=\"https:\/\/www.rentacarformentera.com\/de\/\" \/>\n<meta property=\"og:locale\" content=\"de_DE\" \/>\n<meta property=\"og:type\" content=\"article\" \/>\n<meta property=\"og:title\" content=\"G\u00fcnstiges Auto mieten Formentera | Mietwagenpreise Autovermietung\" \/>\n<meta property=\"og:description\" content=\"Mieten Sie ein g\u00fcnstiges Auto in Formentera. Preise vergleichen. Preisvergleich billiger Mietwagen. Autovermietung im Hafen von La Savina.\" \/>\n<meta property=\"og:url\" content=\"https:\/\/www.rentacarformentera.com\/de\/\" \/>\n<meta property=\"og:site_name\" content=\"Rent a Car Formentera\" \/>\n<meta property=\"article:modified_time\" content=\"2025-12-17T13:39:23+00:00\" \/>\n<meta name=\"twitter:card\" content=\"summary_large_image\" \/>\n<meta name=\"twitter:label1\" content=\"Gesch\u00e4tzte Lesezeit\" \/>\n\t<meta name=\"twitter:data1\" content=\"16\u00a0Minuten\" \/>\n<script type=\"application\/ld+json\" class=\"yoast-schema-graph\">{\"@context\":\"https:\\\/\\\/schema.org\",\"@graph\":[{\"@type\":\"WebPage\",\"@id\":\"https:\\\/\\\/www.rentacarformentera.com\\\/de\\\/\",\"url\":\"https:\\\/\\\/www.rentacarformentera.com\\\/de\\\/\",\"name\":\"G\u00fcnstiges Auto mieten Formentera | Mietwagenpreise Autovermietung\",\"isPartOf\":{\"@id\":\"https:\\\/\\\/www.rentacarformentera.com\\\/de\\\/#website\"},\"datePublished\":\"2024-02-01T07:55:14+00:00\",\"dateModified\":\"2025-12-17T13:39:23+00:00\",\"description\":\"Mieten Sie ein g\u00fcnstiges Auto in Formentera. Preise vergleichen. Preisvergleich billiger Mietwagen. Autovermietung im Hafen von La Savina.\",\"breadcrumb\":{\"@id\":\"https:\\\/\\\/www.rentacarformentera.com\\\/de\\\/#breadcrumb\"},\"inLanguage\":\"de\",\"potentialAction\":[{\"@type\":\"ReadAction\",\"target\":[\"https:\\\/\\\/www.rentacarformentera.com\\\/de\\\/\"]}]},{\"@type\":\"BreadcrumbList\",\"@id\":\"https:\\\/\\\/www.rentacarformentera.com\\\/de\\\/#breadcrumb\",\"itemListElement\":[{\"@type\":\"ListItem\",\"position\":1,\"name\":\"Portada\",\"item\":\"https:\\\/\\\/www.rentacarformentera.com\\\/de\\\/\"},{\"@type\":\"ListItem\",\"position\":2,\"name\":\"G\u00fcnstiges Auto mieten Formentera | Mietwagenpreise Autovermietung\"}]},{\"@type\":\"WebSite\",\"@id\":\"https:\\\/\\\/www.rentacarformentera.com\\\/de\\\/#website\",\"url\":\"https:\\\/\\\/www.rentacarformentera.com\\\/de\\\/\",\"name\":\"Rent a Car Formentera\",\"description\":\"rentacarformentera.com\",\"publisher\":{\"@id\":\"https:\\\/\\\/www.rentacarformentera.com\\\/de\\\/#organization\"},\"potentialAction\":[{\"@type\":\"SearchAction\",\"target\":{\"@type\":\"EntryPoint\",\"urlTemplate\":\"https:\\\/\\\/www.rentacarformentera.com\\\/de\\\/?s={search_term_string}\"},\"query-input\":{\"@type\":\"PropertyValueSpecification\",\"valueRequired\":true,\"valueName\":\"search_term_string\"}}],\"inLanguage\":\"de\"},{\"@type\":\"Organization\",\"@id\":\"https:\\\/\\\/www.rentacarformentera.com\\\/de\\\/#organization\",\"name\":\"Rent a Car Formentera\",\"url\":\"https:\\\/\\\/www.rentacarformentera.com\\\/de\\\/\",\"logo\":{\"@type\":\"ImageObject\",\"inLanguage\":\"de\",\"@id\":\"https:\\\/\\\/www.rentacarformentera.com\\\/de\\\/#\\\/schema\\\/logo\\\/image\\\/\",\"url\":\"https:\\\/\\\/www.alquilarcoche.info\\\/wp-content\\\/uploads\\\/2021\\\/08\\\/alquilarcoche-info_logo_2x.png\",\"contentUrl\":\"https:\\\/\\\/www.alquilarcoche.info\\\/wp-content\\\/uploads\\\/2021\\\/08\\\/alquilarcoche-info_logo_2x.png\",\"width\":500,\"height\":90,\"caption\":\"Rent a Car Formentera\"},\"image\":{\"@id\":\"https:\\\/\\\/www.rentacarformentera.com\\\/de\\\/#\\\/schema\\\/logo\\\/image\\\/\"}}]}<\/script>\n<!-- \/ Yoast SEO plugin. -->","yoast_head_json":{"title":"G\u00fcnstiges Auto mieten Formentera | Mietwagenpreise Autovermietung","description":"Mieten Sie ein g\u00fcnstiges Auto in Formentera. Preise vergleichen. Preisvergleich billiger Mietwagen. Autovermietung im Hafen von La Savina.","robots":{"index":"index","follow":"follow","max-snippet":"max-snippet:-1","max-image-preview":"max-image-preview:large","max-video-preview":"max-video-preview:-1"},"canonical":"https:\/\/www.rentacarformentera.com\/de\/","og_locale":"de_DE","og_type":"article","og_title":"G\u00fcnstiges Auto mieten Formentera | Mietwagenpreise Autovermietung","og_description":"Mieten Sie ein g\u00fcnstiges Auto in Formentera. Preise vergleichen. Preisvergleich billiger Mietwagen. Autovermietung im Hafen von La Savina.","og_url":"https:\/\/www.rentacarformentera.com\/de\/","og_site_name":"Rent a Car Formentera","article_modified_time":"2025-12-17T13:39:23+00:00","twitter_card":"summary_large_image","twitter_misc":{"Gesch\u00e4tzte Lesezeit":"16\u00a0Minuten"},"schema":{"@context":"https:\/\/schema.org","@graph":[{"@type":"WebPage","@id":"https:\/\/www.rentacarformentera.com\/de\/","url":"https:\/\/www.rentacarformentera.com\/de\/","name":"G\u00fcnstiges Auto mieten Formentera | Mietwagenpreise Autovermietung","isPartOf":{"@id":"https:\/\/www.rentacarformentera.com\/de\/#website"},"datePublished":"2024-02-01T07:55:14+00:00","dateModified":"2025-12-17T13:39:23+00:00","description":"Mieten Sie ein g\u00fcnstiges Auto in Formentera. Preise vergleichen. Preisvergleich billiger Mietwagen. Autovermietung im Hafen von La Savina.","breadcrumb":{"@id":"https:\/\/www.rentacarformentera.com\/de\/#breadcrumb"},"inLanguage":"de","potentialAction":[{"@type":"ReadAction","target":["https:\/\/www.rentacarformentera.com\/de\/"]}]},{"@type":"BreadcrumbList","@id":"https:\/\/www.rentacarformentera.com\/de\/#breadcrumb","itemListElement":[{"@type":"ListItem","position":1,"name":"Portada","item":"https:\/\/www.rentacarformentera.com\/de\/"},{"@type":"ListItem","position":2,"name":"G\u00fcnstiges Auto mieten Formentera | Mietwagenpreise Autovermietung"}]},{"@type":"WebSite","@id":"https:\/\/www.rentacarformentera.com\/de\/#website","url":"https:\/\/www.rentacarformentera.com\/de\/","name":"Rent a Car Formentera","description":"rentacarformentera.com","publisher":{"@id":"https:\/\/www.rentacarformentera.com\/de\/#organization"},"potentialAction":[{"@type":"SearchAction","target":{"@type":"EntryPoint","urlTemplate":"https:\/\/www.rentacarformentera.com\/de\/?s={search_term_string}"},"query-input":{"@type":"PropertyValueSpecification","valueRequired":true,"valueName":"search_term_string"}}],"inLanguage":"de"},{"@type":"Organization","@id":"https:\/\/www.rentacarformentera.com\/de\/#organization","name":"Rent a Car Formentera","url":"https:\/\/www.rentacarformentera.com\/de\/","logo":{"@type":"ImageObject","inLanguage":"de","@id":"https:\/\/www.rentacarformentera.com\/de\/#\/schema\/logo\/image\/","url":"https:\/\/www.alquilarcoche.info\/wp-content\/uploads\/2021\/08\/alquilarcoche-info_logo_2x.png","contentUrl":"https:\/\/www.alquilarcoche.info\/wp-content\/uploads\/2021\/08\/alquilarcoche-info_logo_2x.png","width":500,"height":90,"caption":"Rent a Car Formentera"},"image":{"@id":"https:\/\/www.rentacarformentera.com\/de\/#\/schema\/logo\/image\/"}}]}},"_links":{"self":[{"href":"https:\/\/www.rentacarformentera.com\/de\/wp-json\/wp\/v2\/pages\/1261","targetHints":{"allow":["GET"]}}],"collection":[{"href":"https:\/\/www.rentacarformentera.com\/de\/wp-json\/wp\/v2\/pages"}],"about":[{"href":"https:\/\/www.rentacarformentera.com\/de\/wp-json\/wp\/v2\/types\/page"}],"author":[{"embeddable":true,"href":"https:\/\/www.rentacarformentera.com\/de\/wp-json\/wp\/v2\/users\/1"}],"replies":[{"embeddable":true,"href":"https:\/\/www.rentacarformentera.com\/de\/wp-json\/wp\/v2\/comments?post=1261"}],"version-history":[{"count":16,"href":"https:\/\/www.rentacarformentera.com\/de\/wp-json\/wp\/v2\/pages\/1261\/revisions"}],"predecessor-version":[{"id":1483,"href":"https:\/\/www.rentacarformentera.com\/de\/wp-json\/wp\/v2\/pages\/1261\/revisions\/1483"}],"wp:attachment":[{"href":"https:\/\/www.rentacarformentera.com\/de\/wp-json\/wp\/v2\/media?parent=1261"}],"curies":[{"name":"wp","href":"https:\/\/api.w.org\/{rel}","templated":true}]}}